{"id":3070,"date":"2024-01-16T18:27:22","date_gmt":"2024-01-16T18:27:22","guid":{"rendered":"https:\/\/lamolineuvoise.fr\/Blog\/?page_id=3070"},"modified":"2026-04-07T07:30:27","modified_gmt":"2026-04-07T07:30:27","slug":"la-foret-de-blois","status":"publish","type":"page","link":"https:\/\/lamolineuvoise.fr\/blog\/la-foret-de-blois\/","title":{"rendered":"La for\u00eat de Blois"},"content":{"rendered":"\t\t<div data-elementor-type=\"wp-page\" data-elementor-id=\"3070\" class=\"elementor elementor-3070\">\n\t\t\t\t\t\t<section class=\"elementor-section elementor-top-section elementor-element elementor-element-48b66323 elementor-section-height-min-height elementor-section-boxed elementor-section-height-default elementor-section-items-middle\" data-id=\"48b66323\" data-element_type=\"section\" data-e-type=\"section\" data-settings=\"{&quot;background_background&quot;:&quot;slideshow&quot;,&quot;shape_divider_bottom&quot;:&quot;opacity-tilt&quot;,&quot;background_slideshow_gallery&quot;:[{&quot;id&quot;:3120,&quot;url&quot;:&quot;https:\\\/\\\/lamolineuvoise.fr\\\/blog\\\/wp-content\\\/uploads\\\/2024\\\/01\\\/PA230341-scaled.gif&quot;},{&quot;id&quot;:3115,&quot;url&quot;:&quot;https:\\\/\\\/lamolineuvoise.fr\\\/blog\\\/wp-content\\\/uploads\\\/2024\\\/01\\\/ForetBLOIS1-scaled.gif&quot;},{&quot;id&quot;:8217,&quot;url&quot;:&quot;https:\\\/\\\/lamolineuvoise.fr\\\/blog\\\/wp-content\\\/uploads\\\/2026\\\/03\\\/vieuxtertre_neige.png&quot;},{&quot;id&quot;:8219,&quot;url&quot;:&quot;https:\\\/\\\/lamolineuvoise.fr\\\/blog\\\/wp-content\\\/uploads\\\/2026\\\/03\\\/PA230339-scaled.gif&quot;}],&quot;background_slideshow_ken_burns&quot;:&quot;yes&quot;,&quot;background_slideshow_loop&quot;:&quot;yes&quot;,&quot;background_slideshow_slide_duration&quot;:5000,&quot;background_slideshow_slide_transition&quot;:&quot;fade&quot;,&quot;background_slideshow_transition_duration&quot;:500,&quot;background_slideshow_ken_burns_zoom_direction&quot;:&quot;in&quot;}\">\n\t\t\t\t\t<div class=\"elementor-shape elementor-shape-bottom\" aria-hidden=\"true\" data-negative=\"false\">\n\t\t\t<svg xmlns=\"http:\/\/www.w3.org\/2000\/svg\" viewBox=\"0 0 2600 131.1\" preserveAspectRatio=\"none\">\n\t<path class=\"elementor-shape-fill\" d=\"M0 0L2600 0 2600 69.1 0 0z\"\/>\n\t<path class=\"elementor-shape-fill\" style=\"opacity:0.5\" d=\"M0 0L2600 0 2600 69.1 0 69.1z\"\/>\n\t<path class=\"elementor-shape-fill\" style=\"opacity:0.25\" d=\"M2600 0L0 0 0 130.1 2600 69.1z\"\/>\n<\/svg>\t\t<\/div>\n\t\t\t\t\t<div class=\"elementor-container elementor-column-gap-default\">\n\t\t\t\t\t<div class=\"elementor-column elementor-col-50 elementor-top-column elementor-element elementor-element-1971e532\" data-id=\"1971e532\" data-element_type=\"column\" data-e-type=\"column\">\n\t\t\t<div class=\"elementor-widget-wrap elementor-element-populated\">\n\t\t\t\t\t\t<div class=\"elementor-element elementor-element-52b7be40 elementor-widget elementor-widget-heading\" data-id=\"52b7be40\" data-element_type=\"widget\" data-e-type=\"widget\" data-widget_type=\"heading.default\">\n\t\t\t\t<div class=\"elementor-widget-container\">\n\t\t\t\t\t<h2 class=\"elementor-heading-title elementor-size-default\">La for\u00eat de Blois<\/h2>\t\t\t\t<\/div>\n\t\t\t\t<\/div>\n\t\t\t\t\t<\/div>\n\t\t<\/div>\n\t\t\t\t<div class=\"elementor-column elementor-col-50 elementor-top-column elementor-element elementor-element-6eccadaf\" data-id=\"6eccadaf\" data-element_type=\"column\" data-e-type=\"column\">\n\t\t\t<div class=\"elementor-widget-wrap\">\n\t\t\t\t\t\t\t<\/div>\n\t\t<\/div>\n\t\t\t\t\t<\/div>\n\t\t<\/section>\n\t\t\t\t<section class=\"elementor-section elementor-top-section elementor-element elementor-element-192f16a elementor-section-boxed elementor-section-height-default elementor-section-height-default\" data-id=\"192f16a\" data-element_type=\"section\" data-e-type=\"section\">\n\t\t\t\t\t\t<div class=\"elementor-container elementor-column-gap-default\">\n\t\t\t\t\t<div class=\"elementor-column elementor-col-100 elementor-top-column elementor-element elementor-element-4f0cfec\" data-id=\"4f0cfec\" data-element_type=\"column\" data-e-type=\"column\">\n\t\t\t<div class=\"elementor-widget-wrap elementor-element-populated\">\n\t\t\t\t\t\t<div class=\"elementor-element elementor-element-38bc0e9 elementor-widget elementor-widget-heading\" data-id=\"38bc0e9\" data-element_type=\"widget\" data-e-type=\"widget\" data-widget_type=\"heading.default\">\n\t\t\t\t<div class=\"elementor-widget-container\">\n\t\t\t\t\t<h3 class=\"elementor-heading-title elementor-size-default\">Contexte g\u00e9ologique<\/h3>\t\t\t\t<\/div>\n\t\t\t\t<\/div>\n\t\t\t\t\t<\/div>\n\t\t<\/div>\n\t\t\t\t\t<\/div>\n\t\t<\/section>\n\t\t\t\t<section class=\"elementor-section elementor-top-section elementor-element elementor-element-e161c8a elementor-section-boxed elementor-section-height-default elementor-section-height-default\" data-id=\"e161c8a\" data-element_type=\"section\" data-e-type=\"section\">\n\t\t\t\t\t\t<div class=\"elementor-container elementor-column-gap-default\">\n\t\t\t\t\t<div class=\"elementor-column elementor-col-100 elementor-top-column elementor-element elementor-element-a728f30\" data-id=\"a728f30\" data-element_type=\"column\" data-e-type=\"column\">\n\t\t\t<div class=\"elementor-widget-wrap elementor-element-populated\">\n\t\t\t\t\t\t<div class=\"elementor-element elementor-element-b4722a9 elementor-drop-cap-yes elementor-widget-mobile__width-initial elementor-drop-cap-view-default elementor-widget elementor-widget-text-editor\" data-id=\"b4722a9\" data-element_type=\"widget\" data-e-type=\"widget\" data-settings=\"{&quot;drop_cap&quot;:&quot;yes&quot;}\" data-widget_type=\"text-editor.default\">\n\t\t\t\t<div class=\"elementor-widget-container\">\n\t\t\t\t\t\t\t\t\t<p>La for\u00eat de Blois se d\u00e9veloppe sur une fine couche de sols limoneux tapiss\u00e9e de sols organiques. Ces formations peu \u00e9paisses surmontent g\u00e9n\u00e9ralement des sols argilo-siliceux (<em>argiles \u00e0 silex du S\u00e9nonien, \u00e9tage g\u00e9ologique du Cr\u00e9tac\u00e9 sup\u00e9rieur<\/em>) provenant de l&rsquo;alt\u00e9ration de la craie \u00e0 silex sous-jacente (<em>craie de Blois<\/em>) ou plus rarement du calcaire de Beauce (formation s\u00e9dimentaire d&rsquo;origine lacustre de l&rsquo;<a href=\"https:\/\/fr.wikipedia.org\/wiki\/Aquitanien\" target=\"_blank\" rel=\"noopener\">aquitanien<\/a>).\u00a0<\/p>\n<p>Les couches sup\u00e9rieures sont donc constitu\u00e9es de sols pauvres et acides propices au peuplement de la for\u00eat par des esp\u00e8ces calcifuge tel que le ch\u00eane sessile (ou ch\u00eane rouvre) qui pr\u00e9domine tr\u00e8s largement en for\u00eat de Blois.<\/p>\n<p><a style=\"font-size: 16px; transition-property: all; color: #3a3a3a; -webkit-user-drag: none;\" href=\"https:\/\/lamolineuvoise.fr\/Blog\/wp-content\/uploads\/2024\/01\/cisse_coupeGeol.png\"><img fetchpriority=\"high\" decoding=\"async\" class=\"wp-image-3010 size-full\" style=\"-webkit-user-drag: none; display: inline-block; margin-left: auto; margin-right: auto; margin-bottom: -1ex;\" src=\"https:\/\/lamolineuvoise.fr\/Blog\/wp-content\/uploads\/2024\/01\/cisse_coupeGeol.png\" alt=\"\" width=\"568\" height=\"181\" srcset=\"https:\/\/lamolineuvoise.fr\/blog\/wp-content\/uploads\/2024\/01\/cisse_coupeGeol.png 568w, https:\/\/lamolineuvoise.fr\/blog\/wp-content\/uploads\/2024\/01\/cisse_coupeGeol-300x96.png 300w\" sizes=\"(max-width: 568px) 100vw, 568px\" \/><\/a><em style=\"font-size: 14px; -webkit-user-drag: none;\">Sources : Comit\u00e9 D\u00e9partemental de la Protection de la Nature et de<em style=\"font-size: 14px;\">\u00a0l&rsquo;Environnement (CDPNE)<\/em><\/em><\/p>\n<p>Situ\u00e9e sur la partie sommitale de <strong><a href=\"https:\/\/www.geologie41.cdpne.org\/Site7.html\" target=\"_blank\" rel=\"noopener\">l&rsquo;anticlinal d&rsquo;Herbault<\/a><\/strong> elle pr\u00e9sente un l\u00e9ger bombement orient\u00e9 WNW-ESE puis NW-SE\u00a0 (point culminant 143m &#8211; Parcelle 69).<\/p>\n<div>\n<figure style=\"width: 525px\" class=\"wp-caption alignnone\"><img decoding=\"async\" src=\"https:\/\/lamolineuvoise.fr\/images\/Divers\/ProfilAltimetrique_ForetBlois.png\" alt=\"\" width=\"525\" height=\"156\" \/><figcaption class=\"wp-caption-text\"><em>Carte de niveau Sources : IGN<\/em><\/figcaption><\/figure>\n<\/div>\n<div><img decoding=\"async\" src=\"https:\/\/lamolineuvoise.fr\/images\/Divers\/CarteNiveau_ForetBlois.png\" alt=\"\" \/><\/div>\t\t\t\t\t\t\t\t<\/div>\n\t\t\t\t<\/div>\n\t\t\t\t\t<\/div>\n\t\t<\/div>\n\t\t\t\t\t<\/div>\n\t\t<\/section>\n\t\t<div class=\"elementor-element elementor-element-9417179 e-flex e-con-boxed e-con e-parent\" data-id=\"9417179\" data-element_type=\"container\" data-e-type=\"container\">\n\t\t\t\t\t<div class=\"e-con-inner\">\n\t\t\t\t<div class=\"elementor-element elementor-element-5c8180b elementor-widget-divider--view-line elementor-widget elementor-widget-divider\" data-id=\"5c8180b\" data-element_type=\"widget\" data-e-type=\"widget\" data-widget_type=\"divider.default\">\n\t\t\t\t<div class=\"elementor-widget-container\">\n\t\t\t\t\t\t\t<div class=\"elementor-divider\">\n\t\t\t<span class=\"elementor-divider-separator\">\n\t\t\t\t\t\t<\/span>\n\t\t<\/div>\n\t\t\t\t\t\t<\/div>\n\t\t\t\t<\/div>\n\t\t\t\t\t<\/div>\n\t\t\t\t<\/div>\n\t\t\t\t<section class=\"elementor-section elementor-top-section elementor-element elementor-element-3cd6ed3 elementor-section-boxed elementor-section-height-default elementor-section-height-default\" data-id=\"3cd6ed3\" data-element_type=\"section\" data-e-type=\"section\">\n\t\t\t\t\t\t<div class=\"elementor-container elementor-column-gap-default\">\n\t\t\t\t\t<div class=\"elementor-column elementor-col-100 elementor-top-column elementor-element elementor-element-9e05c9f\" data-id=\"9e05c9f\" data-element_type=\"column\" data-e-type=\"column\">\n\t\t\t<div class=\"elementor-widget-wrap elementor-element-populated\">\n\t\t\t\t\t\t<div class=\"elementor-element elementor-element-110bba2 elementor-widget elementor-widget-heading\" data-id=\"110bba2\" data-element_type=\"widget\" data-e-type=\"widget\" data-widget_type=\"heading.default\">\n\t\t\t\t<div class=\"elementor-widget-container\">\n\t\t\t\t\t<h3 class=\"elementor-heading-title elementor-size-default\">Caract\u00e9ristiques<\/h3>\t\t\t\t<\/div>\n\t\t\t\t<\/div>\n\t\t\t\t\t<\/div>\n\t\t<\/div>\n\t\t\t\t\t<\/div>\n\t\t<\/section>\n\t\t\t\t<section class=\"elementor-section elementor-top-section elementor-element elementor-element-44eaa4a elementor-section-boxed elementor-section-height-default elementor-section-height-default\" data-id=\"44eaa4a\" data-element_type=\"section\" data-e-type=\"section\">\n\t\t\t\t\t\t<div class=\"elementor-container elementor-column-gap-default\">\n\t\t\t\t\t<div class=\"elementor-column elementor-col-100 elementor-top-column elementor-element elementor-element-b1b5f1e\" data-id=\"b1b5f1e\" data-element_type=\"column\" data-e-type=\"column\">\n\t\t\t<div class=\"elementor-widget-wrap elementor-element-populated\">\n\t\t\t\t\t\t<section class=\"elementor-section elementor-inner-section elementor-element elementor-element-aec20d4 elementor-section-boxed elementor-section-height-default elementor-section-height-default\" data-id=\"aec20d4\" data-element_type=\"section\" data-e-type=\"section\">\n\t\t\t\t\t\t<div class=\"elementor-container elementor-column-gap-default\">\n\t\t\t\t\t<div class=\"elementor-column elementor-col-50 elementor-inner-column elementor-element elementor-element-9b97f71\" data-id=\"9b97f71\" data-element_type=\"column\" data-e-type=\"column\">\n\t\t\t<div class=\"elementor-widget-wrap elementor-element-populated\">\n\t\t\t\t\t\t<div class=\"elementor-element elementor-element-b124281 elementor-widget-tablet__width-initial elementor-drop-cap-yes elementor-drop-cap-view-default elementor-widget elementor-widget-text-editor\" data-id=\"b124281\" data-element_type=\"widget\" data-e-type=\"widget\" data-settings=\"{&quot;drop_cap&quot;:&quot;yes&quot;}\" data-widget_type=\"text-editor.default\">\n\t\t\t\t<div class=\"elementor-widget-container\">\n\t\t\t\t\t\t\t\t\t<p>La for\u00eat de Blois s&rsquo;\u00e9tend sur une superficie de\u00a02749,45 hectares dont environ :<\/p>\n<ul>\n<li><strong>558<\/strong>\u00a0hectares (20%) sur la commune de Molineuf,<\/li>\n<li><strong>410<\/strong>\u00a0hectares (15%) sur la commune de Chambon\/Cisse<\/li>\n<\/ul>\n<p style=\"padding-left: 40px;\">soit <strong>968 ha<\/strong> (35%) sur <strong>Valencisse<sup>(1)<\/sup><\/strong><\/p>\n<ul>\n<li><strong>970<\/strong> hectares (35%) sur la commune de <strong>Blois<\/strong><\/li>\n<li><strong>458<\/strong> hectares (17%) sur la commune de <strong>Saint-Sulpice<\/strong><\/li>\n<li><strong>351\u00a0<\/strong>hectares (13%) sur la commune de <b>Chouzy\/Cisse<\/b><\/li>\n<\/ul>\n<ol style=\"list-style-type: lower-greek;\">\n<li><em><strong>Nota<\/strong>: selon les relev\u00e9s cadastraux, la<span style=\"text-decoration: underline;\"> superficie cadastrale<\/span> de la for\u00eat de Blois serait de 2739,96 ha.<\/em><\/li>\n<\/ol>\n<div class=\"encadreGris_block\" style=\"text-align: center;\"><strong>R\u00e9f\u00e9rences <\/strong> :<a href=\"https:\/\/www.onf.fr\/vivre-la-foret\/documents-de-gestion-durable\/%2B%2Bamgt%2B%2BA009794R::amenagement-de-la-foret-domaniale-de-blois.html#:~:text=domaniale%20de%20Blois-,Am%C3%A9nagement%20de%20la%20for%C3%AAt%20domaniale%20de%20Blois,D%C3%A9partement%20%3A%20Loir%2Det%2DCher\" target=\"_blank\" rel=\"noopener\"> site de l&rsquo;ONF <\/a><\/div>\n<p><br \/><em>(1) : La commune nouvelle de Valencisse regroupe les anciennes communes de Molineuf, Orchaise et Chambon-sur-Cisse<\/em><\/p>\t\t\t\t\t\t\t\t<\/div>\n\t\t\t\t<\/div>\n\t\t\t\t\t<\/div>\n\t\t<\/div>\n\t\t\t\t<div class=\"elementor-column elementor-col-50 elementor-inner-column elementor-element elementor-element-0a49d5e\" data-id=\"0a49d5e\" data-element_type=\"column\" data-e-type=\"column\">\n\t\t\t<div class=\"elementor-widget-wrap elementor-element-populated\">\n\t\t\t\t\t\t<div class=\"elementor-element elementor-element-64ab609 elementor-widget-tablet__width-initial elementor-widget elementor-widget-image\" data-id=\"64ab609\" data-element_type=\"widget\" data-e-type=\"widget\" data-widget_type=\"image.default\">\n\t\t\t\t<div class=\"elementor-widget-container\">\n\t\t\t\t\t\t\t\t\t\t\t\t\t\t\t<img decoding=\"async\" width=\"500\" height=\"375\" src=\"https:\/\/lamolineuvoise.fr\/blog\/wp-content\/uploads\/2024\/01\/allee_neige.png\" class=\"attachment-large size-large wp-image-3071\" alt=\"\" srcset=\"https:\/\/lamolineuvoise.fr\/blog\/wp-content\/uploads\/2024\/01\/allee_neige.png 500w, https:\/\/lamolineuvoise.fr\/blog\/wp-content\/uploads\/2024\/01\/allee_neige-300x225.png 300w\" sizes=\"(max-width: 500px) 100vw, 500px\" \/>\t\t\t\t\t\t\t\t\t\t\t\t\t\t\t<\/div>\n\t\t\t\t<\/div>\n\t\t\t\t<div class=\"elementor-element elementor-element-18177b3 elementor-widget-tablet__width-initial elementor-widget elementor-widget-text-editor\" data-id=\"18177b3\" data-element_type=\"widget\" data-e-type=\"widget\" data-widget_type=\"text-editor.default\">\n\t\t\t\t<div class=\"elementor-widget-container\">\n\t\t\t\t\t\t\t\t\t<p style=\"text-align: center;\">All\u00e9e de la Loire hiver 2013<\/p>\t\t\t\t\t\t\t\t<\/div>\n\t\t\t\t<\/div>\n\t\t\t\t\t<\/div>\n\t\t<\/div>\n\t\t\t\t\t<\/div>\n\t\t<\/section>\n\t\t\t\t\t<\/div>\n\t\t<\/div>\n\t\t\t\t\t<\/div>\n\t\t<\/section>\n\t\t<div class=\"elementor-element elementor-element-58ee741 e-grid e-con-boxed e-con e-parent\" data-id=\"58ee741\" data-element_type=\"container\" data-e-type=\"container\">\n\t\t\t\t\t<div class=\"e-con-inner\">\n\t\t\t\t<div class=\"elementor-element elementor-element-72bcc43 elementor-widget elementor-widget-text-editor\" data-id=\"72bcc43\" data-element_type=\"widget\" data-e-type=\"widget\" data-widget_type=\"text-editor.default\">\n\t\t\t\t<div class=\"elementor-widget-container\">\n\t\t\t\t\t\t\t\t\t<p>Son p\u00e9rim\u00e8tre est de <strong>33<\/strong> km environ. Ses limites sont le plus souvent mat\u00e9rialis\u00e9es par un foss\u00e9 dont 23 km sont propri\u00e9t\u00e9 de l&rsquo;\u00c9tat.<\/p>\n<p>Elle est subdivis\u00e9e en <strong>162<\/strong> parcelles qui occupent une superficie de 16,9 ha en moyenne. La plus grande est la parcelle n\u00b041 (25 ha 24) et la plus petite la parcelle n\u00b053 (6 ha 63)<\/p>\n<p>Elle est \u00e9galement subdivis\u00e9e en <strong>32<\/strong> cantons dont la r\u00e9f\u00e9rence, stable dans le temps \u00e0 la diff\u00e9rence des n\u00b0 de section qui peuvent \u00e9voluer, permet de suivre l&rsquo;\u00e9volution de la for\u00eat au fil du temps.<\/p>\t\t\t\t\t\t\t\t<\/div>\n\t\t\t\t<\/div>\n\t\t\t\t<div class=\"elementor-element elementor-element-f3e27b8 e-transform elementor-widget elementor-widget-image\" data-id=\"f3e27b8\" data-element_type=\"widget\" data-e-type=\"widget\" data-settings=\"{&quot;_transform_scale_effect_hover&quot;:{&quot;unit&quot;:&quot;px&quot;,&quot;size&quot;:1.6,&quot;sizes&quot;:[]},&quot;_transform_scale_effect_hover_tablet&quot;:{&quot;unit&quot;:&quot;px&quot;,&quot;size&quot;:&quot;&quot;,&quot;sizes&quot;:[]},&quot;_transform_scale_effect_hover_mobile&quot;:{&quot;unit&quot;:&quot;px&quot;,&quot;size&quot;:&quot;&quot;,&quot;sizes&quot;:[]}}\" data-widget_type=\"image.default\">\n\t\t\t\t<div class=\"elementor-widget-container\">\n\t\t\t\t\t\t\t\t\t\t\t\t\t\t\t<img loading=\"lazy\" decoding=\"async\" width=\"933\" height=\"1024\" src=\"https:\/\/lamolineuvoise.fr\/blog\/wp-content\/uploads\/2026\/03\/ForetBlois_cantons-933x1024.png\" class=\"attachment-large size-large wp-image-8241\" alt=\"\" srcset=\"https:\/\/lamolineuvoise.fr\/blog\/wp-content\/uploads\/2026\/03\/ForetBlois_cantons-933x1024.png 933w, https:\/\/lamolineuvoise.fr\/blog\/wp-content\/uploads\/2026\/03\/ForetBlois_cantons-273x300.png 273w, https:\/\/lamolineuvoise.fr\/blog\/wp-content\/uploads\/2026\/03\/ForetBlois_cantons-768x843.png 768w, https:\/\/lamolineuvoise.fr\/blog\/wp-content\/uploads\/2026\/03\/ForetBlois_cantons-1400x1536.png 1400w, https:\/\/lamolineuvoise.fr\/blog\/wp-content\/uploads\/2026\/03\/ForetBlois_cantons-1867x2048.png 1867w\" sizes=\"(max-width: 933px) 100vw, 933px\" \/>\t\t\t\t\t\t\t\t\t\t\t\t\t\t\t<\/div>\n\t\t\t\t<\/div>\n\t\t\t\t\t<\/div>\n\t\t\t\t<\/div>\n\t\t<div class=\"elementor-element elementor-element-aedf540 e-flex e-con-boxed e-con e-parent\" data-id=\"aedf540\" data-element_type=\"container\" data-e-type=\"container\">\n\t\t\t\t\t<div class=\"e-con-inner\">\n\t\t\t\t<div class=\"elementor-element elementor-element-7f0d719 elementor-widget elementor-widget-text-editor\" data-id=\"7f0d719\" data-element_type=\"widget\" data-e-type=\"widget\" data-widget_type=\"text-editor.default\">\n\t\t\t\t<div class=\"elementor-widget-container\">\n\t\t\t\t\t\t\t\t\t<p>La for\u00eat de Blois est travers\u00e9e d&rsquo;est en ouest par la RD.766 (Blois \u00e0\u00a0 Angers) et par l&rsquo;all\u00e9e de Coulanges qui sont les principales voies \u00e0 \u00eatre ouvertes \u00e0 la circulation automobile. Les autres voies secondaires rev\u00eatues sont:<\/p>\n<ul>\n<li>le rain de Chouzy (1,856 km),<\/li>\n<li>la rue du Touchet \u00e0 Molineuf (0,581 km)\u00a0<\/li>\n<li>Le rain de la Pin\u00e7onni\u00e8re \u00e0 Blois (0,533 km)<\/li>\n<li>l&rsquo;impasse de l&rsquo;or\u00e9e des Bois (0,506 km)<\/li>\n<li>Une partie de l&rsquo;all\u00e9e de Saint-Lubin \u00e0 la Vicomt\u00e9 (sur 1,782 km)<\/li>\n<\/ul>\n<p>Elle est \u00e9galement sillonn\u00e9e par un r\u00e9seau d&rsquo;all\u00e9es foresti\u00e8res en \u00e9toile qui sont ouvertes aux promeneurs et aux 2 roues non motoris\u00e9s. Parmi les plus importantes on trouve:<\/p>\n<ul style=\"list-style-type: disc;\">\n<li><strong>d&rsquo;est en ouest<\/strong><\/li>\n<li style=\"list-style-type: none;\">\n<ul style=\"list-style-type: circle;\">\n<li>l&rsquo;all\u00e9e de Bury : 6,164km<\/li>\n<li>l&rsquo;all\u00e9e de B\u00e9gon : 4,044km<\/li>\n<\/ul>\n<\/li>\n<li><strong>du nord au sud<\/strong>\n<ul>\n<li style=\"list-style-type: none;\">\n<ul style=\"list-style-type: circle;\">\n<li>l&rsquo;all\u00e9e de Saint-Lubin \u00e0 <a href=\"https:\/\/pop.culture.gouv.fr\/notice\/merimee\/PA00098338\" target=\"_blank\" rel=\"noopener\">la Vicomt\u00e9<\/a> : 7,541km<\/li>\n<li>l&rsquo;all\u00e9e de la Loire : 7,346km<\/li>\n<li>l&rsquo;all\u00e9e de Catherine de M\u00e9dicis : 5,143km<\/li>\n<\/ul>\n<\/li>\n<\/ul>\n<\/li>\n<li><strong>du nord -ouest au sud-est<\/strong><br \/>\n<ul style=\"list-style-type: circle;\">\n<li>l&rsquo;all\u00e9e de Louis XII : 4,773 km<br \/>du nord -est au sud-ouest<\/li>\n<li>l&rsquo;all\u00e9e de Gaston d&rsquo;Orl\u00e9ans : 4,126 km<\/li>\n<li>l&rsquo;all\u00e9e d&rsquo;Anne de Bretagne : 4,907 km<\/li>\n<\/ul>\n<\/li>\n<\/ul>\n<p>Enfin, plusieurs kilom\u00e8tres de sentiers rep\u00e9r\u00e9s par un fl\u00e9chage sp\u00e9cifique, sont ouverts aux promeneurs, aux VTtistes et aux chevaux mont\u00e9s.<\/p>\n<p>En r\u00e9sum\u00e9, la for\u00eat de Blois comporte\u00a0 <strong>72,7 km<\/strong> de voies dont:<\/p>\n<ul>\n<li>voies en terrain naturel : 14,7 km<\/li>\n<li>voies empierr\u00e9es : 43,4 km<\/li>\n<li>voies rev\u00eatues : 10,6 km<\/li>\n<\/ul>\n<p>Par ailleurs, la for\u00eat de Blois abrite <strong>116<\/strong> mares qui attirent de nombreuses esp\u00e8ces et accueillent en leur sein de nombreux batraciens, dont les quatre esp\u00e8ces de tritons existant en France. (<a href=\"https:\/\/www.onf.fr\/vivre-la-foret\/+\/161f::foret-domaniale-de-blois-la-biodiversite-ca-sentretient.html\">For\u00eat domaniale de Blois : la biodiversit\u00e9, \u00e7a s\u2019entretient !<\/a>)<\/p>\t\t\t\t\t\t\t\t<\/div>\n\t\t\t\t<\/div>\n\t\t\t\t\t<\/div>\n\t\t\t\t<\/div>\n\t\t<div class=\"elementor-element elementor-element-6500f52 e-flex e-con-boxed e-con e-parent\" data-id=\"6500f52\" data-element_type=\"container\" data-e-type=\"container\">\n\t\t\t\t\t<div class=\"e-con-inner\">\n\t\t\t\t<div class=\"elementor-element elementor-element-dc9167e elementor-widget elementor-widget-text-editor\" data-id=\"dc9167e\" data-element_type=\"widget\" data-e-type=\"widget\" data-widget_type=\"text-editor.default\">\n\t\t\t\t<div class=\"elementor-widget-container\">\n\t\t\t\t\t\t\t\t\t<iframe src=\"https:\/\/www.google.com\/maps\/d\/u\/3\/embed?mid=1KasbmJ_SXlLzvetmiCtN1_grdkoENfw&#038;ehbc=2E312F\" width=\"640\" height=\"480\"><\/iframe>\t\t\t\t\t\t\t\t<\/div>\n\t\t\t\t<\/div>\n\t\t\t\t\t<\/div>\n\t\t\t\t<\/div>\n\t\t<div class=\"elementor-element elementor-element-00101aa e-flex e-con-boxed e-con e-parent\" data-id=\"00101aa\" data-element_type=\"container\" data-e-type=\"container\">\n\t\t\t\t\t<div class=\"e-con-inner\">\n\t\t\t\t<div class=\"elementor-element elementor-element-49cba8d elementor-widget elementor-widget-text-editor\" data-id=\"49cba8d\" data-element_type=\"widget\" data-e-type=\"widget\" data-widget_type=\"text-editor.default\">\n\t\t\t\t<div class=\"elementor-widget-container\">\n\t\t\t\t\t\t\t\t\t<h4><strong>Les limites de for\u00eat<\/strong><\/h4>\n<p>Comme on l&rsquo;a dit plus avant, les limites de la for\u00eat sont souvent mat\u00e9rialis\u00e9es par la pr\u00e9sence d&rsquo;un foss\u00e9. C&rsquo;est un arr\u00eat\u00e9 de Colbert qui instaura l&rsquo;obligation faite aux riverains du domaine royal de cr\u00e9er ces d\u00e9limitations qui furent int\u00e9gr\u00e9s au domaine royal (Titre de la police et conservation des Forest, Eaux et Rivieres Article IV : \u00ab\u00a0<em>Tous les riverains possedant bois joignant nos forests et buissons, seront tenus de les separer des nostres par des fossez, ayant quatre pieds de largeur et cinq pieds de profondeur, qu\u2019ils entretiendront en cet estat a peine de reunion<\/em>\u00bb.\u00a0<\/p>\n<p><a href=\"https:\/\/lamolineuvoise.fr\/Blog\/wp-content\/uploads\/2024\/12\/BorneForet.png\"><img loading=\"lazy\" decoding=\"async\" class=\"wp-image-5967 alignleft\" src=\"https:\/\/lamolineuvoise.fr\/Blog\/wp-content\/uploads\/2024\/12\/BorneForet-300x122.png\" alt=\"\" width=\"397\" height=\"142\" \/><\/a><\/p>\n<p>On trouve \u00e9galement en limite de for\u00eat des bornes de pierre souvent marqu\u00e9es d&rsquo;un motif en creux, soit une armoirie soit un chiffre ou une fleur de lys. L&rsquo;IGN a entrepris de localiser ces bornes (voir\u00a0<a href=\"https:\/\/macarte.ign.fr\/carte\/XGEAFi\/Signalement-des-bornes\" target=\"_blank\" rel=\"noopener\"><strong>ICI<\/strong><\/a>) .<\/p>\n<p>Ce bornage avait \u00e9t\u00e9 r\u00e9alis\u00e9 au cours du XIX<sup>\u00e8<\/sup> si\u00e8cle (en 1831 et de 1841 \u00e0 1843) avec implantation de 187 bornes.<\/p>\t\t\t\t\t\t\t\t<\/div>\n\t\t\t\t<\/div>\n\t\t\t\t\t<\/div>\n\t\t\t\t<\/div>\n\t\t\t\t<section class=\"elementor-section elementor-top-section elementor-element elementor-element-674617f elementor-section-boxed elementor-section-height-default elementor-section-height-default\" data-id=\"674617f\" data-element_type=\"section\" data-e-type=\"section\">\n\t\t\t\t\t\t<div class=\"elementor-container elementor-column-gap-default\">\n\t\t\t\t\t<div class=\"elementor-column elementor-col-100 elementor-top-column elementor-element elementor-element-aa6309a\" data-id=\"aa6309a\" data-element_type=\"column\" data-e-type=\"column\">\n\t\t\t<div class=\"elementor-widget-wrap elementor-element-populated\">\n\t\t\t\t\t\t<div class=\"elementor-element elementor-element-e312b25 elementor-widget-divider--view-line elementor-widget elementor-widget-divider\" data-id=\"e312b25\" data-element_type=\"widget\" data-e-type=\"widget\" data-widget_type=\"divider.default\">\n\t\t\t\t<div class=\"elementor-widget-container\">\n\t\t\t\t\t\t\t<div class=\"elementor-divider\">\n\t\t\t<span class=\"elementor-divider-separator\">\n\t\t\t\t\t\t<\/span>\n\t\t<\/div>\n\t\t\t\t\t\t<\/div>\n\t\t\t\t<\/div>\n\t\t\t\t\t<\/div>\n\t\t<\/div>\n\t\t\t\t\t<\/div>\n\t\t<\/section>\n\t\t\t\t<section class=\"elementor-section elementor-top-section elementor-element elementor-element-3e072c8 elementor-section-boxed elementor-section-height-default elementor-section-height-default\" data-id=\"3e072c8\" data-element_type=\"section\" data-e-type=\"section\">\n\t\t\t\t\t\t<div class=\"elementor-container elementor-column-gap-default\">\n\t\t\t\t\t<div class=\"elementor-column elementor-col-100 elementor-top-column elementor-element elementor-element-5c18e6a\" data-id=\"5c18e6a\" data-element_type=\"column\" data-e-type=\"column\">\n\t\t\t<div class=\"elementor-widget-wrap elementor-element-populated\">\n\t\t\t\t\t\t<div class=\"elementor-element elementor-element-856c850 elementor-widget elementor-widget-heading\" data-id=\"856c850\" data-element_type=\"widget\" data-e-type=\"widget\" data-widget_type=\"heading.default\">\n\t\t\t\t<div class=\"elementor-widget-container\">\n\t\t\t\t\t<h3 class=\"elementor-heading-title elementor-size-default\">Plan de la for\u00eat de Blois<\/h3>\t\t\t\t<\/div>\n\t\t\t\t<\/div>\n\t\t\t\t\t<\/div>\n\t\t<\/div>\n\t\t\t\t\t<\/div>\n\t\t<\/section>\n\t\t\t\t<section class=\"elementor-section elementor-top-section elementor-element elementor-element-9f1a58d elementor-section-boxed elementor-section-height-default elementor-section-height-default\" data-id=\"9f1a58d\" data-element_type=\"section\" data-e-type=\"section\">\n\t\t\t\t\t\t<div class=\"elementor-container elementor-column-gap-default\">\n\t\t\t\t\t<div class=\"elementor-column elementor-col-100 elementor-top-column elementor-element elementor-element-fb3f121\" data-id=\"fb3f121\" data-element_type=\"column\" data-e-type=\"column\">\n\t\t\t<div class=\"elementor-widget-wrap elementor-element-populated\">\n\t\t\t\t\t\t<div class=\"elementor-element elementor-element-e278e5a elementor-widget elementor-widget-image\" data-id=\"e278e5a\" data-element_type=\"widget\" data-e-type=\"widget\" data-widget_type=\"image.default\">\n\t\t\t\t<div class=\"elementor-widget-container\">\n\t\t\t\t\t\t\t\t\t\t\t\t<figure class=\"wp-caption\">\n\t\t\t\t\t\t\t\t\t\t<img loading=\"lazy\" decoding=\"async\" width=\"724\" height=\"1024\" src=\"https:\/\/lamolineuvoise.fr\/blog\/wp-content\/uploads\/2026\/04\/ForetBlois_Plan_Molineuvoise-724x1024.png\" class=\"attachment-large size-large wp-image-8426\" alt=\"\" srcset=\"https:\/\/lamolineuvoise.fr\/blog\/wp-content\/uploads\/2026\/04\/ForetBlois_Plan_Molineuvoise-724x1024.png 724w, https:\/\/lamolineuvoise.fr\/blog\/wp-content\/uploads\/2026\/04\/ForetBlois_Plan_Molineuvoise-212x300.png 212w, https:\/\/lamolineuvoise.fr\/blog\/wp-content\/uploads\/2026\/04\/ForetBlois_Plan_Molineuvoise-768x1086.png 768w, https:\/\/lamolineuvoise.fr\/blog\/wp-content\/uploads\/2026\/04\/ForetBlois_Plan_Molineuvoise-1086x1536.png 1086w, https:\/\/lamolineuvoise.fr\/blog\/wp-content\/uploads\/2026\/04\/ForetBlois_Plan_Molineuvoise.png 1240w\" sizes=\"(max-width: 724px) 100vw, 724px\" \/>\t\t\t\t\t\t\t\t\t\t\t<figcaption class=\"widget-image-caption wp-caption-text\">Conception : La Molineuvoise   Extraits de SCAN25\u00ae - \u00a9IGN \u2013 2024 Autorisation N\u00b0 43-24005<\/figcaption>\n\t\t\t\t\t\t\t\t\t\t<\/figure>\n\t\t\t\t\t\t\t\t\t<\/div>\n\t\t\t\t<\/div>\n\t\t\t\t\t<\/div>\n\t\t<\/div>\n\t\t\t\t\t<\/div>\n\t\t<\/section>\n\t\t\t\t<section class=\"elementor-section elementor-top-section elementor-element elementor-element-4a0f583 elementor-section-boxed elementor-section-height-default elementor-section-height-default\" data-id=\"4a0f583\" data-element_type=\"section\" data-e-type=\"section\">\n\t\t\t\t\t\t<div class=\"elementor-container elementor-column-gap-default\">\n\t\t\t\t\t<div class=\"elementor-column elementor-col-100 elementor-top-column elementor-element elementor-element-588a37e\" data-id=\"588a37e\" data-element_type=\"column\" data-e-type=\"column\">\n\t\t\t<div class=\"elementor-widget-wrap elementor-element-populated\">\n\t\t\t\t\t\t<div class=\"elementor-element elementor-element-57bf597 elementor-widget elementor-widget-text-editor\" data-id=\"57bf597\" data-element_type=\"widget\" data-e-type=\"widget\" data-widget_type=\"text-editor.default\">\n\t\t\t\t<div class=\"elementor-widget-container\">\n\t\t\t\t\t\t\t\t\t<p>\u00a0<a href=\"https:\/\/lamolineuvoise.fr\/blog\/wp-content\/uploads\/2026\/04\/ForetBlois_Plan.pdf\" target=\"_blank\" rel=\"noopener\"><img loading=\"lazy\" decoding=\"async\" class=\"size-full wp-image-3129 alignnone\" src=\"https:\/\/lamolineuvoise.fr\/Blog\/wp-content\/uploads\/2024\/01\/pdf_logo.gif\" alt=\"\" width=\"50\" height=\"63\" \/><\/a><span style=\"font-size: 16px; font-style: normal; font-weight: 400;\">T\u00e9l\u00e9charger le plan<\/span><\/p>\t\t\t\t\t\t\t\t<\/div>\n\t\t\t\t<\/div>\n\t\t\t\t\t<\/div>\n\t\t<\/div>\n\t\t\t\t\t<\/div>\n\t\t<\/section>\n\t\t\t\t<section class=\"elementor-section elementor-top-section elementor-element elementor-element-b46b2d9 elementor-section-boxed elementor-section-height-default elementor-section-height-default\" data-id=\"b46b2d9\" data-element_type=\"section\" data-e-type=\"section\">\n\t\t\t\t\t\t<div class=\"elementor-container elementor-column-gap-default\">\n\t\t\t\t\t<div class=\"elementor-column elementor-col-100 elementor-top-column elementor-element elementor-element-55ff647\" data-id=\"55ff647\" data-element_type=\"column\" data-e-type=\"column\">\n\t\t\t<div class=\"elementor-widget-wrap elementor-element-populated\">\n\t\t\t\t\t\t<div class=\"elementor-element elementor-element-b6bd2d1 elementor-widget-divider--view-line elementor-widget elementor-widget-divider\" data-id=\"b6bd2d1\" data-element_type=\"widget\" data-e-type=\"widget\" data-widget_type=\"divider.default\">\n\t\t\t\t<div class=\"elementor-widget-container\">\n\t\t\t\t\t\t\t<div class=\"elementor-divider\">\n\t\t\t<span class=\"elementor-divider-separator\">\n\t\t\t\t\t\t<\/span>\n\t\t<\/div>\n\t\t\t\t\t\t<\/div>\n\t\t\t\t<\/div>\n\t\t\t\t<div class=\"elementor-element elementor-element-8e10ca8 elementor-widget elementor-widget-heading\" data-id=\"8e10ca8\" data-element_type=\"widget\" data-e-type=\"widget\" data-widget_type=\"heading.default\">\n\t\t\t\t<div class=\"elementor-widget-container\">\n\t\t\t\t\t<h3 class=\"elementor-heading-title elementor-size-default\">Gestion de la for\u00eat.<\/h3>\t\t\t\t<\/div>\n\t\t\t\t<\/div>\n\t\t\t\t\t<\/div>\n\t\t<\/div>\n\t\t\t\t\t<\/div>\n\t\t<\/section>\n\t\t\t\t<section class=\"elementor-section elementor-top-section elementor-element elementor-element-fa0dd8d elementor-section-boxed elementor-section-height-default elementor-section-height-default\" data-id=\"fa0dd8d\" data-element_type=\"section\" data-e-type=\"section\">\n\t\t\t\t\t\t<div class=\"elementor-container elementor-column-gap-default\">\n\t\t\t\t\t<div class=\"elementor-column elementor-col-100 elementor-top-column elementor-element elementor-element-a249f3e\" data-id=\"a249f3e\" data-element_type=\"column\" data-e-type=\"column\">\n\t\t\t<div class=\"elementor-widget-wrap elementor-element-populated\">\n\t\t\t\t\t\t<div class=\"elementor-element elementor-element-2f7f2e4 elementor-drop-cap-yes elementor-drop-cap-view-default elementor-widget elementor-widget-text-editor\" data-id=\"2f7f2e4\" data-element_type=\"widget\" data-e-type=\"widget\" data-settings=\"{&quot;drop_cap&quot;:&quot;yes&quot;}\" data-widget_type=\"text-editor.default\">\n\t\t\t\t<div class=\"elementor-widget-container\">\n\t\t\t\t\t\t\t\t\t<p>En 1291, Philippe Le Bel cr\u00e9e l&rsquo;administration des Eaux et For\u00eats, premi\u00e8re structure de gestion du patrimoine forestier et anc\u00eatre de l&rsquo;<strong>Office Nationale des For\u00eats<\/strong> qui lui succ\u00e8de en 1966. Selon l&rsquo;inventaire forestier de 2022, la France compte 17,1 millions d&rsquo;hectares de for\u00eat couvrant 30,8% du territoire. L&rsquo;ONF g\u00e8re aujourd&rsquo;hui plus de 12 millions d&rsquo;hectares de for\u00eats et d&rsquo;espaces naturels dont 4,6 millions d&rsquo;hectares de for\u00eats temp\u00e9r\u00e9es en m\u00e9tropole parmi lesquels on compte 1,7 millions d&rsquo;hectares de for\u00eats domaniales et 2,9 millions d&rsquo;hectares de for\u00eats de collectivit\u00e9s locales. La for\u00eat domaniale repr\u00e9sente un peu plus de 10% du total de la for\u00eat fran\u00e7aise constitu\u00e9e pour l&rsquo;essentiel de for\u00eats et de bois priv\u00e9s (75%). Avec une superficie de 35 000 hectares, la for\u00eat d&rsquo;Orl\u00e9ans est la plus vaste for\u00eat domaniale de France.<\/p>\n<p>Actuellement, la gestion de la for\u00eat de Blois par l&rsquo;ONF s&rsquo;appuie du le plan d&rsquo;am\u00e9nagement forestier 2009-2028 ayant pour objectif la production de bois d&rsquo;\u0153uvre de ch\u00eanes de haute qualit\u00e9 (le ch\u00eane rouvre, esp\u00e8ce dominante en for\u00eat de Blois donne un bois \u00e0 grain fin tr\u00e8s recherch\u00e9 en tonnellerie). Dans ce but, des coupes de reg\u00e9n\u00e9ration permettront la cr\u00e9ation de 360 ha de jeunes semis en remplacement des arbres \u00e2g\u00e9s de plus de 2 si\u00e8cles qui sont progressivement abattus et commercialis\u00e9s aupr\u00e8s des exploitants forestiers.<\/p>\n<p><a href=\"https:\/\/inventaire-forestier.ign.fr\/?lang=fr\">Sources :\u00a0INVENTAIRE FORESTIER (ign.fr)<\/a><\/p>\n<p><a href=\"https:\/\/inventaire-forestier.ign.fr\/IMG\/pdf\/memento_2023.pdf\" target=\"_blank\" rel=\"noopener\"><img loading=\"lazy\" decoding=\"async\" class=\"size-full wp-image-3129 alignnone\" src=\"https:\/\/lamolineuvoise.fr\/Blog\/wp-content\/uploads\/2024\/01\/pdf_logo.gif\" alt=\"\" width=\"50\" height=\"63\" \/><\/a> Inventaire forestier 2022 &#8211; Memento 2023<\/p>\n<p><iframe src=\"\/\/www.youtube.com\/embed\/CwhyKCc0i90?si=2qlAJObE3kZvN6_Y\" width=\"560\" height=\"314\" allowfullscreen=\"allowfullscreen\"><\/iframe><\/p>\n<p><strong>Le marquage des arbres<\/strong><\/p>\n<p>Deux types de signalisations sur les arbres existent en for\u00eat. Celles destin\u00e9es \u00e0 baliser les sentiers servent \u00e0 orienter les randonneurs, cavaliers et cyclistes sur les chemins. Les autres, li\u00e9es \u00e0 la gestion foresti\u00e8re, expriment des actes sylvicoles.<\/p>\n<p>Lorsqu&rsquo;une coupe est pr\u00e9vue en for\u00eat, les forestiers d\u00e9signent les arbres \u00e0 couper ou, au contraire, ceux \u00e0 conserver. Bien visibles \u00e0 l&rsquo;\u0153il nu, les marques, r\u00e9alis\u00e9es le plus souvent \u00e0 la peinture, se portent sur le tronc \u00e0 hauteur d&rsquo;homme. En les identifiant, les bucherons se rep\u00e8rent facilement et suivent alors leurs recommandations colorim\u00e9triques ou typographiques.<\/p>\n<p>En les identifiant, les bucherons se rep\u00e8rent facilement et suivent alors leurs recommandations colorim\u00e9triques ou typographiques.<\/p>\n<p>Les couleurs chaudes\u00a0(<strong><span style=\"color: #ff0000;\">rouges<\/span><\/strong>,\u00a0<strong><span style=\"color: #ff9900;\">orange<\/span><\/strong>,\u00a0<strong><span style=\"color: #ffff00;\">jaune<\/span><\/strong>) indiquent les arbres \u00e0 enlever, le rouge \u00e9tant le plus courant. Les couleurs froides (<strong>blanc<\/strong>,\u00a0<strong><span style=\"color: #00ff00;\">vert<\/span><\/strong>,\u00a0<strong><span style=\"color: #00ffff;\">bleu<\/span><\/strong>), sont utilis\u00e9es pour des marquages p\u00e9rennes. Dans certains, la technique consiste \u00e0 rep\u00e9rer uniquement les arbres \u00e0 conserver, tous les autres \u00e9tant abattus.<\/p>\n<p>Une Ligne blanche horizontale marque la limite d&rsquo;une zone concern\u00e9e par l&rsquo;intervention.<\/p>\n<p>D&rsquo;autres arbres en revanche sont marqu\u00e9s \u00e0 la peinture <strong><span style=\"color: #dfaf2c;\">chamois <\/span><\/strong>pour signifier qu&rsquo;ils seront conserv\u00e9s pour leur\u00a0haute valeur biologique. Les jeunes arbres \u00e0 conserver sont nomm\u00e9s\u00a0 \u00ab\u00a0<strong>baliveau<\/strong>\u00ab\u00a0<\/p>\n<p>La technique de marquage appel\u00e9e\u00a0martelage\u00a0par les forestier consiste \u00e0 d\u00e9signer, au marteau ou \u00e0 la peinture, les arbres \u00e0 r\u00e9colter au profit d\u2019autres beaux arbres qui vont poursuivre leur croissance et auront plus de place pour se d\u00e9velopper.<\/p>\t\t\t\t\t\t\t\t<\/div>\n\t\t\t\t<\/div>\n\t\t\t\t<div class=\"elementor-element elementor-element-8d9e35a premium-wrapper-link-yes e-transform elementor-widget elementor-widget-image\" data-id=\"8d9e35a\" data-element_type=\"widget\" data-e-type=\"widget\" data-settings=\"{&quot;_transform_scaleX_effect_hover&quot;:{&quot;unit&quot;:&quot;px&quot;,&quot;size&quot;:&quot;&quot;,&quot;sizes&quot;:[]},&quot;_transform_scaleX_effect_hover_tablet&quot;:{&quot;unit&quot;:&quot;px&quot;,&quot;size&quot;:&quot;&quot;,&quot;sizes&quot;:[]},&quot;_transform_scaleX_effect_hover_mobile&quot;:{&quot;unit&quot;:&quot;px&quot;,&quot;size&quot;:&quot;&quot;,&quot;sizes&quot;:[]},&quot;_transform_scaleY_effect_hover&quot;:{&quot;unit&quot;:&quot;px&quot;,&quot;size&quot;:&quot;&quot;,&quot;sizes&quot;:[]},&quot;_transform_scaleY_effect_hover_tablet&quot;:{&quot;unit&quot;:&quot;px&quot;,&quot;size&quot;:&quot;&quot;,&quot;sizes&quot;:[]},&quot;_transform_scaleY_effect_hover_mobile&quot;:{&quot;unit&quot;:&quot;px&quot;,&quot;size&quot;:&quot;&quot;,&quot;sizes&quot;:[]}}\" data-widget_type=\"image.default\">\n\t\t\t\t<div class=\"elementor-widget-container\">\n\t\t\t\t\t\t\t\t\t\t\t\t<figure class=\"wp-caption\">\n\t\t\t\t\t\t\t\t\t\t<img decoding=\"async\" src=\"https:\/\/lamolineuvoise.fr\/blog\/wp-content\/uploads\/elementor\/thumbs\/ForetBlois_Plan-rln9vvxprpm17go72lxihr6tgpdn2xmradly6gct9c.png\" title=\"ForetBlois_Plan\" alt=\"ForetBlois_Plan\" loading=\"lazy\" \/>\t\t\t\t\t\t\t\t\t\t\t<figcaption class=\"widget-image-caption wp-caption-text\">Conception : La Molineuvoise   Extraits de SCAN25\u00ae - \u00a9IGN \u2013 2024 Autorisation N\u00b0 43-24005<\/figcaption>\n\t\t\t\t\t\t\t\t\t\t<\/figure>\n\t\t\t\t\t\t\t\t\t<\/div>\n\t\t\t\t<\/div>\n\t\t\t\t\t<\/div>\n\t\t<\/div>\n\t\t\t\t\t<\/div>\n\t\t<\/section>\n\t\t\t\t<section class=\"elementor-section elementor-top-section elementor-element elementor-element-fe92352 elementor-section-boxed elementor-section-height-default elementor-section-height-default\" data-id=\"fe92352\" data-element_type=\"section\" data-e-type=\"section\">\n\t\t\t\t\t\t<div class=\"elementor-container elementor-column-gap-default\">\n\t\t\t\t\t<div class=\"elementor-column elementor-col-100 elementor-top-column elementor-element elementor-element-7741597\" data-id=\"7741597\" data-element_type=\"column\" data-e-type=\"column\">\n\t\t\t<div class=\"elementor-widget-wrap elementor-element-populated\">\n\t\t\t\t\t\t<div class=\"elementor-element elementor-element-ad51867 elementor-widget elementor-widget-text-editor\" data-id=\"ad51867\" data-element_type=\"widget\" data-e-type=\"widget\" data-widget_type=\"text-editor.default\">\n\t\t\t\t<div class=\"elementor-widget-container\">\n\t\t\t\t\t\t\t\t\t<p>Gr\u00e2ce \u00e0 une gestion rigoureuse et durable des agents de l&rsquo;ONF, la for\u00eat de Blois est peupl\u00e9e de magnifiques ch\u00eanes qui se dressent \u00e0 une hauteur de 15 \u00e0 20m et d\u00e9passent parfois plus de 200 ans.\u00a0 Ces sont des arbres recherch\u00e9s pour la qualit\u00e9 de leur bois \u00e0 grain fin notamment pour la tonnellerie. Quelques arbres se distinguent par leurs dimensions importantes : le ch\u00eane\u00a0<b>Jagerschmidt<\/b>\u00a0(section n\u00b041), du nom d\u2019un ing\u00e9nieur forestier du XX<span style=\"font-family: &amp;Matchmaker;\"><sup>e<\/sup><\/span>\u00a0si\u00e8cle, et le ch\u00eane dit\u00a0<b>\u00ab\u00a0les jumelles<\/b>\u00a0\u00bb\u00a0 avec ses 6,5m de circonf\u00e9rence et ses 35m de haut (section n\u00b027).<\/p>\t\t\t\t\t\t\t\t<\/div>\n\t\t\t\t<\/div>\n\t\t\t\t\t<\/div>\n\t\t<\/div>\n\t\t\t\t\t<\/div>\n\t\t<\/section>\n\t\t<div class=\"elementor-element elementor-element-5846f45 e-flex e-con-boxed e-con e-parent\" data-id=\"5846f45\" data-element_type=\"container\" data-e-type=\"container\">\n\t\t\t\t\t<div class=\"e-con-inner\">\n\t\t\t\t<div class=\"elementor-element elementor-element-aadcb09 elementor-widget-divider--view-line elementor-widget elementor-widget-divider\" data-id=\"aadcb09\" data-element_type=\"widget\" data-e-type=\"widget\" data-widget_type=\"divider.default\">\n\t\t\t\t<div class=\"elementor-widget-container\">\n\t\t\t\t\t\t\t<div class=\"elementor-divider\">\n\t\t\t<span class=\"elementor-divider-separator\">\n\t\t\t\t\t\t<\/span>\n\t\t<\/div>\n\t\t\t\t\t\t<\/div>\n\t\t\t\t<\/div>\n\t\t\t\t\t<\/div>\n\t\t\t\t<\/div>\n\t\t\t\t<section class=\"elementor-section elementor-top-section elementor-element elementor-element-e81354d elementor-section-boxed elementor-section-height-default elementor-section-height-default\" data-id=\"e81354d\" data-element_type=\"section\" data-e-type=\"section\">\n\t\t\t\t\t\t<div class=\"elementor-container elementor-column-gap-default\">\n\t\t\t\t\t<div class=\"elementor-column elementor-col-100 elementor-top-column elementor-element elementor-element-31b5f67\" data-id=\"31b5f67\" data-element_type=\"column\" data-e-type=\"column\">\n\t\t\t<div class=\"elementor-widget-wrap elementor-element-populated\">\n\t\t\t\t\t\t<div class=\"elementor-element elementor-element-7a296ed elementor-widget elementor-widget-heading\" data-id=\"7a296ed\" data-element_type=\"widget\" data-e-type=\"widget\" data-widget_type=\"heading.default\">\n\t\t\t\t<div class=\"elementor-widget-container\">\n\t\t\t\t\t<h3 class=\"elementor-heading-title elementor-size-default\">Les principales essences foresti\u00e8res<\/h3>\t\t\t\t<\/div>\n\t\t\t\t<\/div>\n\t\t\t\t\t<\/div>\n\t\t<\/div>\n\t\t\t\t\t<\/div>\n\t\t<\/section>\n\t\t\t\t<section class=\"elementor-section elementor-top-section elementor-element elementor-element-2402b53 elementor-section-boxed elementor-section-height-default elementor-section-height-default\" data-id=\"2402b53\" data-element_type=\"section\" data-e-type=\"section\">\n\t\t\t\t\t\t<div class=\"elementor-container elementor-column-gap-default\">\n\t\t\t\t\t<div class=\"elementor-column elementor-col-33 elementor-top-column elementor-element elementor-element-d5975c4\" data-id=\"d5975c4\" data-element_type=\"column\" data-e-type=\"column\">\n\t\t\t<div class=\"elementor-widget-wrap elementor-element-populated\">\n\t\t\t\t\t\t<div class=\"elementor-element elementor-element-4aab56a elementor-widget elementor-widget-image\" data-id=\"4aab56a\" data-element_type=\"widget\" data-e-type=\"widget\" data-widget_type=\"image.default\">\n\t\t\t\t<div class=\"elementor-widget-container\">\n\t\t\t\t\t\t\t\t\t\t\t\t\t\t\t<img loading=\"lazy\" decoding=\"async\" width=\"339\" height=\"378\" src=\"https:\/\/lamolineuvoise.fr\/blog\/wp-content\/uploads\/2024\/01\/ForetB1.jpg\" class=\"attachment-large size-large wp-image-3135\" alt=\"\" srcset=\"https:\/\/lamolineuvoise.fr\/blog\/wp-content\/uploads\/2024\/01\/ForetB1.jpg 339w, https:\/\/lamolineuvoise.fr\/blog\/wp-content\/uploads\/2024\/01\/ForetB1-269x300.jpg 269w\" sizes=\"(max-width: 339px) 100vw, 339px\" \/>\t\t\t\t\t\t\t\t\t\t\t\t\t\t\t<\/div>\n\t\t\t\t<\/div>\n\t\t\t\t\t<\/div>\n\t\t<\/div>\n\t\t\t\t<div class=\"elementor-column elementor-col-33 elementor-top-column elementor-element elementor-element-3a78686\" data-id=\"3a78686\" data-element_type=\"column\" data-e-type=\"column\">\n\t\t\t<div class=\"elementor-widget-wrap elementor-element-populated\">\n\t\t\t\t\t\t<div class=\"elementor-element elementor-element-9ccd89d elementor-widget elementor-widget-image\" data-id=\"9ccd89d\" data-element_type=\"widget\" data-e-type=\"widget\" data-widget_type=\"image.default\">\n\t\t\t\t<div class=\"elementor-widget-container\">\n\t\t\t\t\t\t\t\t\t\t\t\t\t\t\t<img loading=\"lazy\" decoding=\"async\" width=\"153\" height=\"239\" src=\"https:\/\/lamolineuvoise.fr\/blog\/wp-content\/uploads\/2024\/01\/chensessil0.jpg\" class=\"attachment-large size-large wp-image-3141\" alt=\"\" \/>\t\t\t\t\t\t\t\t\t\t\t\t\t\t\t<\/div>\n\t\t\t\t<\/div>\n\t\t\t\t\t<\/div>\n\t\t<\/div>\n\t\t\t\t<div class=\"elementor-column elementor-col-33 elementor-top-column elementor-element elementor-element-60c8269\" data-id=\"60c8269\" data-element_type=\"column\" data-e-type=\"column\">\n\t\t\t<div class=\"elementor-widget-wrap elementor-element-populated\">\n\t\t\t\t\t\t<div class=\"elementor-element elementor-element-be3d1c7 elementor-widget elementor-widget-text-editor\" data-id=\"be3d1c7\" data-element_type=\"widget\" data-e-type=\"widget\" data-widget_type=\"text-editor.default\">\n\t\t\t\t<div class=\"elementor-widget-container\">\n\t\t\t\t\t\t\t\t\t<p><span style=\"color: #008000;\"><strong>Le ch\u00eane rouvre ou ch\u00eane sessile<\/strong><\/span>\u00a0est le plus repr\u00e9sent\u00e9 dans le for\u00eat de Blois. C&rsquo;est un grand arbre de 20 \u00e0 40 m\u00e8tres de haut, \u00e0 feuillage caduc. Il a une long\u00e9vit\u00e9 de 500 \u00e0 1000 ans et fructifie \u00e0 partir de l&rsquo;\u00e2ge de 60 \u00e0 70 ans. On le distingue par le fait que ses glands sont regroup\u00e9s en grappes accroch\u00e9es directement au rameau (d&rsquo;o\u00f9 son nom de ch\u00eane sessile) et par son \u00e9corce presque lisse et fissur\u00e9e dans le sens longitudinal.<\/p>\t\t\t\t\t\t\t\t<\/div>\n\t\t\t\t<\/div>\n\t\t\t\t\t<\/div>\n\t\t<\/div>\n\t\t\t\t\t<\/div>\n\t\t<\/section>\n\t\t\t\t<section class=\"elementor-section elementor-top-section elementor-element elementor-element-5dd53b1 elementor-section-boxed elementor-section-height-default elementor-section-height-default\" data-id=\"5dd53b1\" data-element_type=\"section\" data-e-type=\"section\">\n\t\t\t\t\t\t<div class=\"elementor-container elementor-column-gap-default\">\n\t\t\t\t\t<div class=\"elementor-column elementor-col-33 elementor-top-column elementor-element elementor-element-ffc6ccf\" data-id=\"ffc6ccf\" data-element_type=\"column\" data-e-type=\"column\">\n\t\t\t<div class=\"elementor-widget-wrap elementor-element-populated\">\n\t\t\t\t\t\t<div class=\"elementor-element elementor-element-175fc16 elementor-widget elementor-widget-image\" data-id=\"175fc16\" data-element_type=\"widget\" data-e-type=\"widget\" data-widget_type=\"image.default\">\n\t\t\t\t<div class=\"elementor-widget-container\">\n\t\t\t\t\t\t\t\t\t\t\t\t\t\t\t<img loading=\"lazy\" decoding=\"async\" width=\"212\" height=\"294\" src=\"https:\/\/lamolineuvoise.fr\/blog\/wp-content\/uploads\/2024\/01\/charme_feuille_v.png\" class=\"attachment-large size-large wp-image-3146\" alt=\"\" \/>\t\t\t\t\t\t\t\t\t\t\t\t\t\t\t<\/div>\n\t\t\t\t<\/div>\n\t\t\t\t\t<\/div>\n\t\t<\/div>\n\t\t\t\t<div class=\"elementor-column elementor-col-33 elementor-top-column elementor-element elementor-element-5363637\" data-id=\"5363637\" data-element_type=\"column\" data-e-type=\"column\">\n\t\t\t<div class=\"elementor-widget-wrap elementor-element-populated\">\n\t\t\t\t\t\t<div class=\"elementor-element elementor-element-085f149 elementor-widget elementor-widget-image\" data-id=\"085f149\" data-element_type=\"widget\" data-e-type=\"widget\" data-widget_type=\"image.default\">\n\t\t\t\t<div class=\"elementor-widget-container\">\n\t\t\t\t\t\t\t\t\t\t\t\t\t\t\t<img loading=\"lazy\" decoding=\"async\" width=\"162\" height=\"180\" src=\"https:\/\/lamolineuvoise.fr\/blog\/wp-content\/uploads\/2024\/01\/charm1.jpg\" class=\"attachment-large size-large wp-image-3139\" alt=\"\" \/>\t\t\t\t\t\t\t\t\t\t\t\t\t\t\t<\/div>\n\t\t\t\t<\/div>\n\t\t\t\t\t<\/div>\n\t\t<\/div>\n\t\t\t\t<div class=\"elementor-column elementor-col-33 elementor-top-column elementor-element elementor-element-5ec42a0\" data-id=\"5ec42a0\" data-element_type=\"column\" data-e-type=\"column\">\n\t\t\t<div class=\"elementor-widget-wrap elementor-element-populated\">\n\t\t\t\t\t\t<div class=\"elementor-element elementor-element-48c3c63 elementor-widget elementor-widget-text-editor\" data-id=\"48c3c63\" data-element_type=\"widget\" data-e-type=\"widget\" data-widget_type=\"text-editor.default\">\n\t\t\t\t<div class=\"elementor-widget-container\">\n\t\t\t\t\t\t\t\t\t<p>Relativement fr\u00e9quent en for\u00eat de Blois,\u00a0<span style=\"color: #008000;\"><strong>le charme\u00a0<\/strong><\/span>se d\u00e9veloppe en sous-\u00e9tage uniquement. C&rsquo;est un arbre \u00e0 tronc cannel\u00e9 et \u00e9corce lisse. Il cro\u00eet lentement et ne vit gu\u00e8re au-del\u00e0 de 100 ans. Il d\u00e9passe rarement 20m et 0,50m de diam\u00e8tre.<\/p>\t\t\t\t\t\t\t\t<\/div>\n\t\t\t\t<\/div>\n\t\t\t\t\t<\/div>\n\t\t<\/div>\n\t\t\t\t\t<\/div>\n\t\t<\/section>\n\t\t\t\t<section class=\"elementor-section elementor-top-section elementor-element elementor-element-8bb0ff4 elementor-section-boxed elementor-section-height-default elementor-section-height-default\" data-id=\"8bb0ff4\" data-element_type=\"section\" data-e-type=\"section\">\n\t\t\t\t\t\t<div class=\"elementor-container elementor-column-gap-default\">\n\t\t\t\t\t<div class=\"elementor-column elementor-col-33 elementor-top-column elementor-element elementor-element-7c5fdd0\" data-id=\"7c5fdd0\" data-element_type=\"column\" data-e-type=\"column\">\n\t\t\t<div class=\"elementor-widget-wrap elementor-element-populated\">\n\t\t\t\t\t\t<div class=\"elementor-element elementor-element-0b9b1ff elementor-widget elementor-widget-image\" data-id=\"0b9b1ff\" data-element_type=\"widget\" data-e-type=\"widget\" data-widget_type=\"image.default\">\n\t\t\t\t<div class=\"elementor-widget-container\">\n\t\t\t\t\t\t\t\t\t\t\t\t\t\t\t<img loading=\"lazy\" decoding=\"async\" width=\"228\" height=\"369\" src=\"https:\/\/lamolineuvoise.fr\/blog\/wp-content\/uploads\/2024\/01\/ForetB2.jpg\" class=\"attachment-large size-large wp-image-3136\" alt=\"\" srcset=\"https:\/\/lamolineuvoise.fr\/blog\/wp-content\/uploads\/2024\/01\/ForetB2.jpg 228w, https:\/\/lamolineuvoise.fr\/blog\/wp-content\/uploads\/2024\/01\/ForetB2-185x300.jpg 185w\" sizes=\"(max-width: 228px) 100vw, 228px\" \/>\t\t\t\t\t\t\t\t\t\t\t\t\t\t\t<\/div>\n\t\t\t\t<\/div>\n\t\t\t\t\t<\/div>\n\t\t<\/div>\n\t\t\t\t<div class=\"elementor-column elementor-col-33 elementor-top-column elementor-element elementor-element-65abac2\" data-id=\"65abac2\" data-element_type=\"column\" data-e-type=\"column\">\n\t\t\t<div class=\"elementor-widget-wrap elementor-element-populated\">\n\t\t\t\t\t\t<div class=\"elementor-element elementor-element-d093d57 elementor-widget elementor-widget-image\" data-id=\"d093d57\" data-element_type=\"widget\" data-e-type=\"widget\" data-widget_type=\"image.default\">\n\t\t\t\t<div class=\"elementor-widget-container\">\n\t\t\t\t\t\t\t\t\t\t\t\t\t\t\t<img loading=\"lazy\" decoding=\"async\" width=\"153\" height=\"240\" src=\"https:\/\/lamolineuvoise.fr\/blog\/wp-content\/uploads\/2024\/01\/chenpedon0.jpg\" class=\"attachment-large size-large wp-image-3140\" alt=\"\" \/>\t\t\t\t\t\t\t\t\t\t\t\t\t\t\t<\/div>\n\t\t\t\t<\/div>\n\t\t\t\t\t<\/div>\n\t\t<\/div>\n\t\t\t\t<div class=\"elementor-column elementor-col-33 elementor-top-column elementor-element elementor-element-611a21a\" data-id=\"611a21a\" data-element_type=\"column\" data-e-type=\"column\">\n\t\t\t<div class=\"elementor-widget-wrap elementor-element-populated\">\n\t\t\t\t\t\t<div class=\"elementor-element elementor-element-615939a elementor-widget elementor-widget-text-editor\" data-id=\"615939a\" data-element_type=\"widget\" data-e-type=\"widget\" data-widget_type=\"text-editor.default\">\n\t\t\t\t<div class=\"elementor-widget-container\">\n\t\t\t\t\t\t\t\t\t<p><strong><span style=\"color: #008000;\">Le ch\u00eane p\u00e9doncul\u00e9<\/span><\/strong>, tr\u00e8s peu repr\u00e9sent\u00e9 en for\u00eat de Blois, est un arbre au houppier irr\u00e9gulier, qui peut atteindre 50 m\u00e8tres de haut et 2 m\u00e8tres de diam\u00e8tre. Son tronc est droit et cylindrique et son \u00e9corce est creus\u00e9e de profonds sillons entrecoup\u00e9s par des fissures transversales. Sa long\u00e9vit\u00e9 est de 700 ans environ.\u00a0<\/p>\t\t\t\t\t\t\t\t<\/div>\n\t\t\t\t<\/div>\n\t\t\t\t\t<\/div>\n\t\t<\/div>\n\t\t\t\t\t<\/div>\n\t\t<\/section>\n\t\t\t\t<section class=\"elementor-section elementor-top-section elementor-element elementor-element-fd8bfa7 elementor-section-boxed elementor-section-height-default elementor-section-height-default\" data-id=\"fd8bfa7\" data-element_type=\"section\" data-e-type=\"section\">\n\t\t\t\t\t\t<div class=\"elementor-container elementor-column-gap-default\">\n\t\t\t\t\t<div class=\"elementor-column elementor-col-33 elementor-top-column elementor-element elementor-element-5005686\" data-id=\"5005686\" data-element_type=\"column\" data-e-type=\"column\">\n\t\t\t<div class=\"elementor-widget-wrap elementor-element-populated\">\n\t\t\t\t\t\t<div class=\"elementor-element elementor-element-2583d51 elementor-widget elementor-widget-image\" data-id=\"2583d51\" data-element_type=\"widget\" data-e-type=\"widget\" data-widget_type=\"image.default\">\n\t\t\t\t<div class=\"elementor-widget-container\">\n\t\t\t\t\t\t\t\t\t\t\t\t\t\t\t<img decoding=\"async\" src=\"https:\/\/lamolineuvoise.fr\/blog\/wp-content\/uploads\/2024\/01\/hetre_feuille_v.png\" title=\"hetre_feuille_v\" alt=\"hetre_feuille_v\" loading=\"lazy\" \/>\t\t\t\t\t\t\t\t\t\t\t\t\t\t\t<\/div>\n\t\t\t\t<\/div>\n\t\t\t\t\t<\/div>\n\t\t<\/div>\n\t\t\t\t<div class=\"elementor-column elementor-col-33 elementor-top-column elementor-element elementor-element-3b9a709\" data-id=\"3b9a709\" data-element_type=\"column\" data-e-type=\"column\">\n\t\t\t<div class=\"elementor-widget-wrap elementor-element-populated\">\n\t\t\t\t\t\t<div class=\"elementor-element elementor-element-eaaea1e elementor-widget elementor-widget-image\" data-id=\"eaaea1e\" data-element_type=\"widget\" data-e-type=\"widget\" data-widget_type=\"image.default\">\n\t\t\t\t<div class=\"elementor-widget-container\">\n\t\t\t\t\t\t\t\t\t\t\t\t\t\t\t<img loading=\"lazy\" decoding=\"async\" width=\"126\" height=\"212\" src=\"https:\/\/lamolineuvoise.fr\/blog\/wp-content\/uploads\/2024\/01\/hetre1.jpg\" class=\"attachment-large size-large wp-image-3144\" alt=\"\" \/>\t\t\t\t\t\t\t\t\t\t\t\t\t\t\t<\/div>\n\t\t\t\t<\/div>\n\t\t\t\t\t<\/div>\n\t\t<\/div>\n\t\t\t\t<div class=\"elementor-column elementor-col-33 elementor-top-column elementor-element elementor-element-b65424c\" data-id=\"b65424c\" data-element_type=\"column\" data-e-type=\"column\">\n\t\t\t<div class=\"elementor-widget-wrap elementor-element-populated\">\n\t\t\t\t\t\t<div class=\"elementor-element elementor-element-785d644 elementor-widget elementor-widget-text-editor\" data-id=\"785d644\" data-element_type=\"widget\" data-e-type=\"widget\" data-widget_type=\"text-editor.default\">\n\t\t\t\t<div class=\"elementor-widget-container\">\n\t\t\t\t\t\t\t\t\t<p><span style=\"color: #008000;\"><strong>Le h\u00eatre<\/strong><\/span> est tr\u00e8s peu pr\u00e9sent en for\u00eat de Blois. Il a \u00e9t\u00e9 introduit en sous-\u00e9tage comme essence d&rsquo;accompagnement. Cet arbre\u00a0a besoin d&rsquo;humidit\u00e9 atmosph\u00e9rique mais il craint les sols trop humides. Il est sensible aux grands froids et aux fortes chaleurs. Il prosp\u00e8re dans la partie Nord de la France, notamment en Normandie et surtout dans l&rsquo;Est de la France..<br \/>Il peut atteindre 40m de hauteur avec un tronc remarquablement droit et lisse. Il vit 200 \u00e0 250 ans.<\/p>\t\t\t\t\t\t\t\t<\/div>\n\t\t\t\t<\/div>\n\t\t\t\t\t<\/div>\n\t\t<\/div>\n\t\t\t\t\t<\/div>\n\t\t<\/section>\n\t\t\t\t<section class=\"elementor-section elementor-top-section elementor-element elementor-element-2e9a45d elementor-section-boxed elementor-section-height-default elementor-section-height-default\" data-id=\"2e9a45d\" data-element_type=\"section\" data-e-type=\"section\">\n\t\t\t\t\t\t<div class=\"elementor-container elementor-column-gap-default\">\n\t\t\t\t\t<div class=\"elementor-column elementor-col-100 elementor-top-column elementor-element elementor-element-14acc0d\" data-id=\"14acc0d\" data-element_type=\"column\" data-e-type=\"column\">\n\t\t\t<div class=\"elementor-widget-wrap elementor-element-populated\">\n\t\t\t\t\t\t<div class=\"elementor-element elementor-element-62303ab elementor-widget-divider--view-line elementor-widget elementor-widget-divider\" data-id=\"62303ab\" data-element_type=\"widget\" data-e-type=\"widget\" data-widget_type=\"divider.default\">\n\t\t\t\t<div class=\"elementor-widget-container\">\n\t\t\t\t\t\t\t<div class=\"elementor-divider\">\n\t\t\t<span class=\"elementor-divider-separator\">\n\t\t\t\t\t\t<\/span>\n\t\t<\/div>\n\t\t\t\t\t\t<\/div>\n\t\t\t\t<\/div>\n\t\t\t\t\t<\/div>\n\t\t<\/div>\n\t\t\t\t\t<\/div>\n\t\t<\/section>\n\t\t\t\t<section class=\"elementor-section elementor-top-section elementor-element elementor-element-ac555a2 elementor-section-boxed elementor-section-height-default elementor-section-height-default\" data-id=\"ac555a2\" data-element_type=\"section\" data-e-type=\"section\">\n\t\t\t\t\t\t<div class=\"elementor-container elementor-column-gap-default\">\n\t\t\t\t\t<div class=\"elementor-column elementor-col-100 elementor-top-column elementor-element elementor-element-584bd26\" data-id=\"584bd26\" data-element_type=\"column\" data-e-type=\"column\">\n\t\t\t<div class=\"elementor-widget-wrap elementor-element-populated\">\n\t\t\t\t\t\t<div class=\"elementor-element elementor-element-2227493 elementor-widget elementor-widget-heading\" data-id=\"2227493\" data-element_type=\"widget\" data-e-type=\"widget\" data-widget_type=\"heading.default\">\n\t\t\t\t<div class=\"elementor-widget-container\">\n\t\t\t\t\t<h3 class=\"elementor-heading-title elementor-size-default\">Un peu d'histoire<\/h3>\t\t\t\t<\/div>\n\t\t\t\t<\/div>\n\t\t\t\t\t<\/div>\n\t\t<\/div>\n\t\t\t\t\t<\/div>\n\t\t<\/section>\n\t\t\t\t<section class=\"elementor-section elementor-top-section elementor-element elementor-element-1f6826c elementor-section-boxed elementor-section-height-default elementor-section-height-default\" data-id=\"1f6826c\" data-element_type=\"section\" data-e-type=\"section\">\n\t\t\t\t\t\t<div class=\"elementor-container elementor-column-gap-default\">\n\t\t\t\t\t<div class=\"elementor-column elementor-col-50 elementor-top-column elementor-element elementor-element-9cb045c\" data-id=\"9cb045c\" data-element_type=\"column\" data-e-type=\"column\">\n\t\t\t<div class=\"elementor-widget-wrap elementor-element-populated\">\n\t\t\t\t\t\t<div class=\"elementor-element elementor-element-c3bb9a0 elementor-drop-cap-yes elementor-drop-cap-view-default elementor-widget elementor-widget-text-editor\" data-id=\"c3bb9a0\" data-element_type=\"widget\" data-e-type=\"widget\" data-settings=\"{&quot;drop_cap&quot;:&quot;yes&quot;}\" data-widget_type=\"text-editor.default\">\n\t\t\t\t<div class=\"elementor-widget-container\">\n\t\t\t\t\t\t\t\t\t<p style=\"text-align: justify;\">La for\u00eat de Blois constitue l&rsquo;un des derniers vestiges de l&rsquo;ancienne<a href=\"https:\/\/bloiscapitale.com\/la-foret-de-blois-vestige-de-la-foret-des-blemars-et-de-ses-legendes\" target=\"_blank\" rel=\"noopener\"><strong> for\u00eat des Bl\u00e9mars<\/strong> <\/a>qui recouvrait la plus grande partie de la G\u00e2tine tourangelle jusqu&rsquo;au XIII<sup>\u00e8me<\/sup> si\u00e8cle. Au cours du XI<sup>\u00e8me<\/sup> et du XII<sup>\u00e8me<\/sup> si\u00e8cle, les moines de l&rsquo;abbaye de Marmoutier fond\u00e9e en 372, entreprirent le d\u00e9frichement de ce massif forestier, alors r\u00e9put\u00e9 presque infranchissable.<\/p>\t\t\t\t\t\t\t\t<\/div>\n\t\t\t\t<\/div>\n\t\t\t\t\t<\/div>\n\t\t<\/div>\n\t\t\t\t<div class=\"elementor-column elementor-col-50 elementor-top-column elementor-element elementor-element-355190a\" data-id=\"355190a\" data-element_type=\"column\" data-e-type=\"column\">\n\t\t\t<div class=\"elementor-widget-wrap elementor-element-populated\">\n\t\t\t\t\t\t<div class=\"elementor-element elementor-element-b43b14b elementor-widget elementor-widget-video\" data-id=\"b43b14b\" data-element_type=\"widget\" data-e-type=\"widget\" data-settings=\"{&quot;video_type&quot;:&quot;hosted&quot;,&quot;autoplay&quot;:&quot;yes&quot;,&quot;play_on_mobile&quot;:&quot;yes&quot;,&quot;mute&quot;:&quot;yes&quot;,&quot;loop&quot;:&quot;yes&quot;,&quot;controls&quot;:&quot;yes&quot;}\" data-widget_type=\"video.default\">\n\t\t\t\t<div class=\"elementor-widget-container\">\n\t\t\t\t\t\t\t<div class=\"e-hosted-video elementor-wrapper elementor-open-inline\">\n\t\t\t\t\t<video class=\"elementor-video\" src=\"https:\/\/lamolineuvoise.fr\/blog\/wp-content\/uploads\/2025\/11\/ForetSombre.mp4\" autoplay=\"\" loop=\"\" controls=\"\" muted=\"muted\" playsinline=\"\" controlsList=\"nodownload\"><\/video>\n\t\t\t\t<\/div>\n\t\t\t\t\t\t<\/div>\n\t\t\t\t<\/div>\n\t\t\t\t\t<\/div>\n\t\t<\/div>\n\t\t\t\t\t<\/div>\n\t\t<\/section>\n\t\t\t\t<section class=\"elementor-section elementor-top-section elementor-element elementor-element-120d56f elementor-section-boxed elementor-section-height-default elementor-section-height-default\" data-id=\"120d56f\" data-element_type=\"section\" data-e-type=\"section\">\n\t\t\t\t\t\t<div class=\"elementor-container elementor-column-gap-default\">\n\t\t\t\t\t<div class=\"elementor-column elementor-col-50 elementor-top-column elementor-element elementor-element-b7c7f48\" data-id=\"b7c7f48\" data-element_type=\"column\" data-e-type=\"column\">\n\t\t\t<div class=\"elementor-widget-wrap elementor-element-populated\">\n\t\t\t\t\t\t<div class=\"elementor-element elementor-element-1e6d56e elementor-drop-cap-yes elementor-drop-cap-view-default elementor-widget elementor-widget-text-editor\" data-id=\"1e6d56e\" data-element_type=\"widget\" data-e-type=\"widget\" data-settings=\"{&quot;drop_cap&quot;:&quot;yes&quot;}\" data-widget_type=\"text-editor.default\">\n\t\t\t\t<div class=\"elementor-widget-container\">\n\t\t\t\t\t\t\t\t\t<p style=\"text-align: justify;\">Durant la guerre de cent ans\u00a0 qui opposa les Plantagenets aux Valois de 1337 \u00e0 1453, la for\u00eat de Blois servit de fronti\u00e8re entre les bellig\u00e9rants. Un lieu nomm\u00e9 \u00ab\u00a0<a href=\"https:\/\/www.onf.fr\/vivre-la-foret\/%2B\/22f2::le-val-des-anglais.html\" target=\"_blank\" rel=\"noopener\">La vall\u00e9e des Anglais<\/a>\u00a0\u00bb \u00e0 Molineuf\u00a0 t\u00e9moigne de ce pass\u00e9 historique.<\/p>\n<figure id=\"attachment_5987\" aria-describedby=\"caption-attachment-5987\" style=\"width: 400px\" class=\"wp-caption aligncenter\"><a href=\"https:\/\/lamolineuvoise.fr\/blog\/wp-content\/uploads\/2024\/12\/Chevaliers_foret.jpg\"><img loading=\"lazy\" decoding=\"async\" class=\"wp-image-5987\" src=\"https:\/\/lamolineuvoise.fr\/blog\/wp-content\/uploads\/2024\/12\/Chevaliers_foret-300x300.jpg\" alt=\"\" width=\"400\" height=\"400\" srcset=\"https:\/\/lamolineuvoise.fr\/blog\/wp-content\/uploads\/2024\/12\/Chevaliers_foret-300x300.jpg 300w, https:\/\/lamolineuvoise.fr\/blog\/wp-content\/uploads\/2024\/12\/Chevaliers_foret-150x150.jpg 150w, https:\/\/lamolineuvoise.fr\/blog\/wp-content\/uploads\/2024\/12\/Chevaliers_foret-768x768.jpg 768w, https:\/\/lamolineuvoise.fr\/blog\/wp-content\/uploads\/2024\/12\/Chevaliers_foret.jpg 1024w\" sizes=\"(max-width: 400px) 100vw, 400px\" \/><\/a><figcaption id=\"caption-attachment-5987\" class=\"wp-caption-text\">Image g\u00e9n\u00e9r\u00e9e par IA<\/figcaption><\/figure>\n<p>Au XIV<sup>\u00e8me<\/sup> si\u00e8cle, la for\u00eat de Blois, alors propri\u00e9t\u00e9 des Comtes de Blois, f\u00fbt vendue en 1391 par Guy de Chatillon\u00a0 \u00e0 Louis I<sup>er<\/sup> d&rsquo;Orl\u00e9ans, p\u00e8re du po\u00e8te Charles d&rsquo;Orl\u00e9ans et grand-p\u00e8re de<strong> Louis XII<\/strong>. C&rsquo;est par cet acte que la for\u00eat de Blois devint propri\u00e9t\u00e9 du royaume de France jusqu&rsquo;en 1791, date de son rattachement au domaine de l&rsquo;Etat fran\u00e7ais.<\/p>\n<p><em>Pour la petite histoire, le Duc d&rsquo;Orl\u00e9ans d\u00fb utiliser la dot de sont \u00e9pouse Valentine Visconti (ou <strong>Valentine de Milan<\/strong>) pour\u00a0 r\u00e9gler cet achat.<\/em><\/p>\n<p>Les limites de la for\u00eat de Blois n&rsquo;ont pratiquement pas \u00e9volu\u00e9 depuis le XV<sup>\u00e8me<\/sup>\u00a0si\u00e8cle.<\/p>\t\t\t\t\t\t\t\t<\/div>\n\t\t\t\t<\/div>\n\t\t\t\t\t<\/div>\n\t\t<\/div>\n\t\t\t\t<div class=\"elementor-column elementor-col-50 elementor-top-column elementor-element elementor-element-e1f04f0\" data-id=\"e1f04f0\" data-element_type=\"column\" data-e-type=\"column\">\n\t\t\t<div class=\"elementor-widget-wrap elementor-element-populated\">\n\t\t\t\t\t\t<div class=\"elementor-element elementor-element-2e023df elementor-widget elementor-widget-text-editor\" data-id=\"2e023df\" data-element_type=\"widget\" data-e-type=\"widget\" data-widget_type=\"text-editor.default\">\n\t\t\t\t<div class=\"elementor-widget-container\">\n\t\t\t\t\t\t\t\t\t<p>Au XIV<sup>\u00e8me<\/sup> si\u00e8cle, la for\u00eat de Blois, alors propri\u00e9t\u00e9 des Comtes de Blois, f\u00fbt vendue en 1391 par Guy de Chatillon \u00e0 Louis I<sup>er<\/sup> d&rsquo;Orl\u00e9ans, p\u00e8re du po\u00e8te Charles d&rsquo;Orl\u00e9ans et grand-p\u00e8re de <strong>Louis XII.<\/strong> C&rsquo;est par cet acte que la for\u00eat de Blois devint propri\u00e9t\u00e9 du royaume de France jusqu&rsquo;en 1791, date de son rattachement au domaine de l&rsquo;Etat fran\u00e7ais.<\/p>\n<p><em>Pour la petite histoire, le Duc d&rsquo;Orl\u00e9ans d\u00fb utiliser la dot de sont \u00e9pouse Valentine Visconti (ou <strong>Valentine de Milan)<\/strong> pour\u00a0 r\u00e9gler cet achat.<\/em><\/p>\n<p>Les limites de la for\u00eat de Blois n&rsquo;ont pratiquement pas \u00e9volu\u00e9 depuis le XV<sup>\u00e8me<\/sup>\u00a0si\u00e8cle.<\/p>\n<p>Au cours de la premi\u00e8re guerre mondiale, la for\u00eat de Blois fut le si\u00e8ge d&rsquo;un camp d&rsquo;entra\u00eenement militaire pour les jeunes recrues form\u00e9es \u00e0 la guerre de tranch\u00e9es au lieu-dit \u00ab\u00a0<a href=\"https:\/\/geologie41.cdpne.org\/Site9.html\" target=\"_blank\" rel=\"noopener\"><strong>Les Sablonni\u00e8res<\/strong><\/a>\u00a0\u00bb \u00e0 Chambon sur Cisse (coordonn\u00e9es GPS :47.55981\u00a0 1.24185).<\/p>\n<p>Durant la seconde guerre mondiale, les Allemands utilis\u00e8rent le for\u00eat de Blois pour entreposer des obus et munitions. Mais le plus imposant vestige de cette \u00e9poque est un mirador en b\u00e9ton haut d&rsquo;une vingtaine de m\u00e8tres\u00a0 \u00e9difi\u00e9 par les Allemands en 1940-1941. Ce <strong>mirador<\/strong> encore visible aujourd&rsquo;hui est situ\u00e9 dans la partie Est de la for\u00eat\u00a0 dans\u00a0 la section n\u00b048 (coordonn\u00e9es GPS : <a href=\"https:\/\/maps.app.goo.gl\/XsMpZq8J8cF3RSew9\" target=\"_blank\" rel=\"noopener\">47.575361, 1.281250<\/a> )<\/p>\t\t\t\t\t\t\t\t<\/div>\n\t\t\t\t<\/div>\n\t\t\t\t\t<\/div>\n\t\t<\/div>\n\t\t\t\t\t<\/div>\n\t\t<\/section>\n\t\t\t\t<section class=\"elementor-section elementor-top-section elementor-element elementor-element-fe25a38 elementor-section-boxed elementor-section-height-default elementor-section-height-default\" data-id=\"fe25a38\" data-element_type=\"section\" data-e-type=\"section\">\n\t\t\t\t\t\t<div class=\"elementor-container elementor-column-gap-default\">\n\t\t\t\t\t<div class=\"elementor-column elementor-col-100 elementor-top-column elementor-element elementor-element-6aafa0b\" data-id=\"6aafa0b\" data-element_type=\"column\" data-e-type=\"column\">\n\t\t\t<div class=\"elementor-widget-wrap elementor-element-populated\">\n\t\t\t\t\t\t<div class=\"elementor-element elementor-element-afa2167 elementor-widget-divider--view-line elementor-widget elementor-widget-divider\" data-id=\"afa2167\" data-element_type=\"widget\" data-e-type=\"widget\" data-widget_type=\"divider.default\">\n\t\t\t\t<div class=\"elementor-widget-container\">\n\t\t\t\t\t\t\t<div class=\"elementor-divider\">\n\t\t\t<span class=\"elementor-divider-separator\">\n\t\t\t\t\t\t<\/span>\n\t\t<\/div>\n\t\t\t\t\t\t<\/div>\n\t\t\t\t<\/div>\n\t\t\t\t\t<\/div>\n\t\t<\/div>\n\t\t\t\t\t<\/div>\n\t\t<\/section>\n\t\t<div class=\"elementor-element elementor-element-91e9bd8 e-flex e-con-boxed e-con e-parent\" data-id=\"91e9bd8\" data-element_type=\"container\" data-e-type=\"container\">\n\t\t\t\t\t<div class=\"e-con-inner\">\n\t\t\t\t<div class=\"elementor-element elementor-element-c2fc143 elementor-widget elementor-widget-heading\" data-id=\"c2fc143\" data-element_type=\"widget\" data-e-type=\"widget\" data-widget_type=\"heading.default\">\n\t\t\t\t<div class=\"elementor-widget-container\">\n\t\t\t\t\t<h3 class=\"elementor-heading-title elementor-size-default\">La faune en for\u00eat de Blois<\/h3>\t\t\t\t<\/div>\n\t\t\t\t<\/div>\n\t\t\t\t\t<\/div>\n\t\t\t\t<\/div>\n\t\t<div class=\"elementor-element elementor-element-4df91c9 e-flex e-con-boxed e-con e-parent\" data-id=\"4df91c9\" data-element_type=\"container\" data-e-type=\"container\">\n\t\t\t\t\t<div class=\"e-con-inner\">\n\t\t<div class=\"elementor-element elementor-element-e92a9c1 e-con-full e-flex e-con e-child\" data-id=\"e92a9c1\" data-element_type=\"container\" data-e-type=\"container\">\n\t\t\t\t<div class=\"elementor-element elementor-element-5830c8b elementor-drop-cap-yes elementor-drop-cap-view-default elementor-widget elementor-widget-text-editor\" data-id=\"5830c8b\" data-element_type=\"widget\" data-e-type=\"widget\" data-settings=\"{&quot;drop_cap&quot;:&quot;yes&quot;}\" data-widget_type=\"text-editor.default\">\n\t\t\t\t<div class=\"elementor-widget-container\">\n\t\t\t\t\t\t\t\t\t<p>Milieu naturel pr\u00e9serv\u00e9 \u00e0 deux pas de la ville, la for\u00eat domaniale de Blois b\u00e9n\u00e9ficie d&rsquo;une riche biodiversit\u00e9 gr\u00e2ce au travail efficace des agents de l&rsquo;ONF soutenus par diff\u00e9rentes associations sp\u00e9cialis\u00e9es dans la d\u00e9fense et la pr\u00e9servation de la biodiversit\u00e9.<\/p>\n<p><a href=\"https:\/\/lamolineuvoise.fr\/Blog\/wp-content\/uploads\/2024\/12\/sanglier.jpg\"><img loading=\"lazy\" decoding=\"async\" class=\"alignnone wp-image-5972\" src=\"https:\/\/lamolineuvoise.fr\/Blog\/wp-content\/uploads\/2024\/12\/sanglier-300x200.jpg\" alt=\"\" width=\"400\" height=\"267\" srcset=\"https:\/\/lamolineuvoise.fr\/blog\/wp-content\/uploads\/2024\/12\/sanglier-300x200.jpg 300w, https:\/\/lamolineuvoise.fr\/blog\/wp-content\/uploads\/2024\/12\/sanglier-1024x683.jpg 1024w, https:\/\/lamolineuvoise.fr\/blog\/wp-content\/uploads\/2024\/12\/sanglier-768x512.jpg 768w, https:\/\/lamolineuvoise.fr\/blog\/wp-content\/uploads\/2024\/12\/sanglier.jpg 1280w\" sizes=\"(max-width: 400px) 100vw, 400px\" \/><\/a><\/p>\n<p>\u00a0<\/p>\t\t\t\t\t\t\t\t<\/div>\n\t\t\t\t<\/div>\n\t\t\t\t<div class=\"elementor-element elementor-element-2b2fbc4 elementor-widget elementor-widget-image\" data-id=\"2b2fbc4\" data-element_type=\"widget\" data-e-type=\"widget\" data-widget_type=\"image.default\">\n\t\t\t\t<div class=\"elementor-widget-container\">\n\t\t\t\t\t\t\t\t\t\t\t\t\t\t\t<img loading=\"lazy\" decoding=\"async\" width=\"1024\" height=\"691\" src=\"https:\/\/lamolineuvoise.fr\/blog\/wp-content\/uploads\/2026\/03\/Chevreuil-1024x691.png\" class=\"attachment-large size-large wp-image-8366\" alt=\"\" srcset=\"https:\/\/lamolineuvoise.fr\/blog\/wp-content\/uploads\/2026\/03\/Chevreuil-1024x691.png 1024w, https:\/\/lamolineuvoise.fr\/blog\/wp-content\/uploads\/2026\/03\/Chevreuil-300x202.png 300w, https:\/\/lamolineuvoise.fr\/blog\/wp-content\/uploads\/2026\/03\/Chevreuil-768x518.png 768w, https:\/\/lamolineuvoise.fr\/blog\/wp-content\/uploads\/2026\/03\/Chevreuil-1536x1037.png 1536w, https:\/\/lamolineuvoise.fr\/blog\/wp-content\/uploads\/2026\/03\/Chevreuil.png 2048w\" sizes=\"(max-width: 1024px) 100vw, 1024px\" \/>\t\t\t\t\t\t\t\t\t\t\t\t\t\t\t<\/div>\n\t\t\t\t<\/div>\n\t\t\t\t<\/div>\n\t\t<div class=\"elementor-element elementor-element-f2e7143 e-con-full e-flex e-con e-child\" data-id=\"f2e7143\" data-element_type=\"container\" data-e-type=\"container\">\n\t\t\t\t<div class=\"elementor-element elementor-element-1c9d052 elementor-drop-cap-yes elementor-drop-cap-view-default elementor-widget elementor-widget-text-editor\" data-id=\"1c9d052\" data-element_type=\"widget\" data-e-type=\"widget\" data-settings=\"{&quot;drop_cap&quot;:&quot;yes&quot;}\" data-widget_type=\"text-editor.default\">\n\t\t\t\t<div class=\"elementor-widget-container\">\n\t\t\t\t\t\t\t\t\t<p>Si les mammif\u00e8res sont nombreux : chevreuils, renards, blaireaux, h\u00e9rissons, \u00e9cureuils, lapins de garenne, fouines, martres et sangliers particuli\u00e8rement repr\u00e9sent\u00e9, la for\u00eat de Blois est surtout un v\u00e9ritable sanctuaire pour de nombreux amphibiens gr\u00e2ce \u00e0 l&rsquo;existence de nombreuses mares : salamandres tachet\u00e9es, les 4 esp\u00e8ces de tritons existant en France : palm\u00e9s, alpestres, marbr\u00e9s et cr\u00eat\u00e9s), des grenouilles vertes ou agiles, des grenouilles rousses (cette esp\u00e8ce embl\u00e9matique de la for\u00eat de Blois est aujord&rsquo;hui menac\u00e9e) ou l&rsquo;alyte accoucheur.\u00a0<\/p>\n<p><a href=\"https:\/\/lamolineuvoise.fr\/Blog\/wp-content\/uploads\/2024\/12\/triton.png\"><img loading=\"lazy\" decoding=\"async\" class=\"alignnone size-medium wp-image-5973\" src=\"https:\/\/lamolineuvoise.fr\/Blog\/wp-content\/uploads\/2024\/12\/triton-300x225.png\" alt=\"\" width=\"300\" height=\"225\" srcset=\"https:\/\/lamolineuvoise.fr\/blog\/wp-content\/uploads\/2024\/12\/triton-300x225.png 300w, https:\/\/lamolineuvoise.fr\/blog\/wp-content\/uploads\/2024\/12\/triton-1024x768.png 1024w, https:\/\/lamolineuvoise.fr\/blog\/wp-content\/uploads\/2024\/12\/triton-768x576.png 768w, https:\/\/lamolineuvoise.fr\/blog\/wp-content\/uploads\/2024\/12\/triton.png 1200w\" sizes=\"(max-width: 300px) 100vw, 300px\" \/><\/a><\/p>\n<p>On recense \u00e9galement plusieurs esp\u00e8ces de reptiles, d&rsquo;oiseaux et d&rsquo;Insectes. Cette diversit\u00e9 fait de la for\u00eat de Blois un espace naturel d&rsquo;une tr\u00e8s grande richesse que l&rsquo;on doit pr\u00e9server comme ont su le faire nos pr\u00e9d\u00e9cesseurs.<\/p>\t\t\t\t\t\t\t\t<\/div>\n\t\t\t\t<\/div>\n\t\t\t\t<\/div>\n\t\t\t\t\t<\/div>\n\t\t\t\t<\/div>\n\t\t<div class=\"elementor-element elementor-element-d248488 e-flex e-con-boxed e-con e-parent\" data-id=\"d248488\" data-element_type=\"container\" data-e-type=\"container\">\n\t\t\t\t\t<div class=\"e-con-inner\">\n\t\t\t\t\t<\/div>\n\t\t\t\t<\/div>\n\t\t\t\t<section class=\"elementor-section elementor-top-section elementor-element elementor-element-d90a44e elementor-section-boxed elementor-section-height-default elementor-section-height-default\" data-id=\"d90a44e\" data-element_type=\"section\" data-e-type=\"section\">\n\t\t\t\t\t\t<div class=\"elementor-container elementor-column-gap-default\">\n\t\t\t\t\t<div class=\"elementor-column elementor-col-100 elementor-top-column elementor-element elementor-element-6805741\" data-id=\"6805741\" data-element_type=\"column\" data-e-type=\"column\">\n\t\t\t<div class=\"elementor-widget-wrap elementor-element-populated\">\n\t\t\t\t\t\t<div class=\"elementor-element elementor-element-64f4bfa elementor-widget-divider--view-line elementor-widget elementor-widget-divider\" data-id=\"64f4bfa\" data-element_type=\"widget\" data-e-type=\"widget\" data-widget_type=\"divider.default\">\n\t\t\t\t<div class=\"elementor-widget-container\">\n\t\t\t\t\t\t\t<div class=\"elementor-divider\">\n\t\t\t<span class=\"elementor-divider-separator\">\n\t\t\t\t\t\t<\/span>\n\t\t<\/div>\n\t\t\t\t\t\t<\/div>\n\t\t\t\t<\/div>\n\t\t\t\t\t<\/div>\n\t\t<\/div>\n\t\t\t\t\t<\/div>\n\t\t<\/section>\n\t\t\t\t<section class=\"elementor-section elementor-top-section elementor-element elementor-element-fd3351c elementor-section-boxed elementor-section-height-default elementor-section-height-default\" data-id=\"fd3351c\" data-element_type=\"section\" data-e-type=\"section\">\n\t\t\t\t\t\t<div class=\"elementor-container elementor-column-gap-default\">\n\t\t\t\t\t<div class=\"elementor-column elementor-col-100 elementor-top-column elementor-element elementor-element-f8caf26\" data-id=\"f8caf26\" data-element_type=\"column\" data-e-type=\"column\">\n\t\t\t<div class=\"elementor-widget-wrap elementor-element-populated\">\n\t\t\t\t\t\t<div class=\"elementor-element elementor-element-20961f8 elementor-widget elementor-widget-heading\" data-id=\"20961f8\" data-element_type=\"widget\" data-e-type=\"widget\" data-widget_type=\"heading.default\">\n\t\t\t\t<div class=\"elementor-widget-container\">\n\t\t\t\t\t<h3 class=\"elementor-heading-title elementor-size-default\">La chasse en for\u00eat de Blois<\/h3>\t\t\t\t<\/div>\n\t\t\t\t<\/div>\n\t\t\t\t<section class=\"elementor-section elementor-inner-section elementor-element elementor-element-d1b31fc elementor-section-boxed elementor-section-height-default elementor-section-height-default\" data-id=\"d1b31fc\" data-element_type=\"section\" data-e-type=\"section\">\n\t\t\t\t\t\t<div class=\"elementor-container elementor-column-gap-default\">\n\t\t\t\t\t<div class=\"elementor-column elementor-col-50 elementor-inner-column elementor-element elementor-element-0a5fb44\" data-id=\"0a5fb44\" data-element_type=\"column\" data-e-type=\"column\">\n\t\t\t<div class=\"elementor-widget-wrap elementor-element-populated\">\n\t\t\t\t\t\t<div class=\"elementor-element elementor-element-cc31d8d elementor-widget elementor-widget-text-editor\" data-id=\"cc31d8d\" data-element_type=\"widget\" data-e-type=\"widget\" data-widget_type=\"text-editor.default\">\n\t\t\t\t<div class=\"elementor-widget-container\">\n\t\t\t\t\t\t\t\t\t<p>La chasse permet de pr\u00e9server l\u2019\u00e9quilibre entre la faune et la flore en limitant les populations de sangliers, cerfs, chevreuils. Des journ\u00e9es de chasse sont organis\u00e9es principalement en automne et en hiver.\u00a0Durant cette p\u00e9riode, les zones chass\u00e9es sont dangereuses pour le public.\u00a0<\/p>\n<p>La for\u00eat de Blois est s\u00e9par\u00e9e en 3 lots qui d\u00e9finissent les zones et les jours de chasse.\u00a0<\/p>\t\t\t\t\t\t\t\t<\/div>\n\t\t\t\t<\/div>\n\t\t\t\t\t<\/div>\n\t\t<\/div>\n\t\t\t\t<div class=\"elementor-column elementor-col-50 elementor-inner-column elementor-element elementor-element-6956c2e\" data-id=\"6956c2e\" data-element_type=\"column\" data-e-type=\"column\">\n\t\t\t<div class=\"elementor-widget-wrap elementor-element-populated\">\n\t\t\t\t\t\t<div class=\"elementor-element elementor-element-9f84659 elementor-widget elementor-widget-image\" data-id=\"9f84659\" data-element_type=\"widget\" data-e-type=\"widget\" data-widget_type=\"image.default\">\n\t\t\t\t<div class=\"elementor-widget-container\">\n\t\t\t\t\t\t\t\t\t\t\t\t\t\t\t<img loading=\"lazy\" decoding=\"async\" width=\"592\" height=\"332\" src=\"https:\/\/lamolineuvoise.fr\/blog\/wp-content\/uploads\/2024\/01\/foretBlois_chasse.png\" class=\"attachment-large size-large wp-image-3153\" alt=\"\" srcset=\"https:\/\/lamolineuvoise.fr\/blog\/wp-content\/uploads\/2024\/01\/foretBlois_chasse.png 592w, https:\/\/lamolineuvoise.fr\/blog\/wp-content\/uploads\/2024\/01\/foretBlois_chasse-300x168.png 300w\" sizes=\"(max-width: 592px) 100vw, 592px\" \/>\t\t\t\t\t\t\t\t\t\t\t\t\t\t\t<\/div>\n\t\t\t\t<\/div>\n\t\t\t\t\t<\/div>\n\t\t<\/div>\n\t\t\t\t\t<\/div>\n\t\t<\/section>\n\t\t\t\t\t<\/div>\n\t\t<\/div>\n\t\t\t\t\t<\/div>\n\t\t<\/section>\n\t\t\t\t<section class=\"elementor-section elementor-top-section elementor-element elementor-element-da02acf elementor-section-boxed elementor-section-height-default elementor-section-height-default\" data-id=\"da02acf\" data-element_type=\"section\" data-e-type=\"section\">\n\t\t\t\t\t\t<div class=\"elementor-container elementor-column-gap-default\">\n\t\t\t\t\t<div class=\"elementor-column elementor-col-100 elementor-top-column elementor-element elementor-element-e59e7b5\" data-id=\"e59e7b5\" data-element_type=\"column\" data-e-type=\"column\">\n\t\t\t<div class=\"elementor-widget-wrap elementor-element-populated\">\n\t\t\t\t\t\t<div class=\"elementor-element elementor-element-f8ae2a7 elementor-widget elementor-widget-text-editor\" data-id=\"f8ae2a7\" data-element_type=\"widget\" data-e-type=\"widget\" data-widget_type=\"text-editor.default\">\n\t\t\t\t<div class=\"elementor-widget-container\">\n\t\t\t\t\t\t\t\t\t<table style=\"border-collapse: collapse; width: 100%;\">\n<tbody>\n<tr>\n<td style=\"width: 100%; border-style: solid; border-color: #000000;\"><a style=\"font-size: 16px; font-style: normal; font-weight: 400; transition-property: all; color: #3a3a3a;\" href=\"https:\/\/lamolineuvoise.fr\/Blog\/wp-content\/uploads\/2025\/11\/FORET_BLOIS_Chasse_2025-2026.pdf\" target=\"_blank\" rel=\"noopener\"><img loading=\"lazy\" decoding=\"async\" class=\"alignnone size-full wp-image-3129\" src=\"https:\/\/lamolineuvoise.fr\/Blog\/wp-content\/uploads\/2024\/01\/pdf_logo.gif\" alt=\"\" width=\"50\" height=\"63\" \/><\/a><span style=\"font-size: 16px; font-style: normal; font-weight: 400;\">Cliquez pour t\u00e9l\u00e9charger la carte des jours de chasse<\/span> en for\u00eat de Blois pour la saison 2025-2026<\/td>\n<\/tr>\n<\/tbody>\n<\/table>\t\t\t\t\t\t\t\t<\/div>\n\t\t\t\t<\/div>\n\t\t\t\t<div class=\"elementor-element elementor-element-f8ca002 elementor-widget elementor-widget-text-editor\" data-id=\"f8ca002\" data-element_type=\"widget\" data-e-type=\"widget\" data-widget_type=\"text-editor.default\">\n\t\t\t\t<div class=\"elementor-widget-container\">\n\t\t\t\t\t\t\t\t\t<p>\u00a0\u00bb <em>Selon le bilan patrimonial r\u00e9alis\u00e9 en 2015 par l\u2019ONF, plus d\u20191\/3 des surfaces des for\u00eats domaniales, appartenant \u00e0 l\u2019Etat, sont en situation de d\u00e9s\u00e9quilibre for\u00eat-gibier \u00e0 cause d\u2019une surpopulation d\u2019ongul\u00e9s (cerfs, chevreuils, sangliers). Le danger pour les for\u00eats est r\u00e9el. Pr\u00e9sents en trop grand nombre, ces animaux consomment en quantit\u00e9 importante les jeunes arbres, compromettent ainsi la croissance et le renouvellement des peuplements forestiers et appauvrissent la diversit\u00e9 des essences, notamment celles adapt\u00e9es au changement climatique<\/em>.\u00a0\u00bb<\/p>\n<p>Selon l\u2019article L.121-1 du code forestier, \u00ab\u00a0l\u2019Etat veille (\u2026) \u00e0 la r\u00e9g\u00e9n\u00e9ration des peuplements forestiers dans des conditions satisfaisantes d\u2019\u00e9quilibre sylvo-cyn\u00e9g\u00e9tique\u00a0\u00bb. Cette mission fondamentale est confi\u00e9e \u00e0 l\u2019ONF par l\u2019article D.221-2 du code forestier.<\/p>\t\t\t\t\t\t\t\t<\/div>\n\t\t\t\t<\/div>\n\t\t\t\t<div class=\"elementor-element elementor-element-25a5fcf elementor-align-center elementor-widget elementor-widget-button\" data-id=\"25a5fcf\" data-element_type=\"widget\" data-e-type=\"widget\" data-widget_type=\"button.default\">\n\t\t\t\t<div class=\"elementor-widget-container\">\n\t\t\t\t\t\t\t\t\t<div class=\"elementor-button-wrapper\">\n\t\t\t\t\t<a class=\"elementor-button elementor-button-link elementor-size-sm\" href=\"https:\/\/www.onf.fr\/++cc++f09344j\" target=\"_blank\" rel=\"nofollow\">\n\t\t\t\t\t\t<span class=\"elementor-button-content-wrapper\">\n\t\t\t\t\t\t\t\t\t<span class=\"elementor-button-text\">Calendrier des jours de chasse<\/span>\n\t\t\t\t\t<\/span>\n\t\t\t\t\t<\/a>\n\t\t\t\t<\/div>\n\t\t\t\t\t\t\t\t<\/div>\n\t\t\t\t<\/div>\n\t\t\t\t\t<\/div>\n\t\t<\/div>\n\t\t\t\t\t<\/div>\n\t\t<\/section>\n\t\t<div class=\"elementor-element elementor-element-c39eb5c e-flex e-con-boxed e-con e-parent\" data-id=\"c39eb5c\" data-element_type=\"container\" data-e-type=\"container\">\n\t\t\t\t\t<div class=\"e-con-inner\">\n\t\t\t\t<div class=\"elementor-element elementor-element-fe8b8a6 elementor-widget-divider--view-line elementor-widget elementor-widget-divider\" data-id=\"fe8b8a6\" data-element_type=\"widget\" data-e-type=\"widget\" data-widget_type=\"divider.default\">\n\t\t\t\t<div class=\"elementor-widget-container\">\n\t\t\t\t\t\t\t<div class=\"elementor-divider\">\n\t\t\t<span class=\"elementor-divider-separator\">\n\t\t\t\t\t\t<\/span>\n\t\t<\/div>\n\t\t\t\t\t\t<\/div>\n\t\t\t\t<\/div>\n\t\t\t\t\t<\/div>\n\t\t\t\t<\/div>\n\t\t<div class=\"elementor-element elementor-element-f5dd54c e-flex e-con-boxed e-con e-parent\" data-id=\"f5dd54c\" data-element_type=\"container\" data-e-type=\"container\">\n\t\t\t\t\t<div class=\"e-con-inner\">\n\t\t\t\t<div class=\"elementor-element elementor-element-196f519 elementor-widget elementor-widget-heading\" data-id=\"196f519\" data-element_type=\"widget\" data-e-type=\"widget\" data-widget_type=\"heading.default\">\n\t\t\t\t<div class=\"elementor-widget-container\">\n\t\t\t\t\t<h3 class=\"elementor-heading-title elementor-size-default\">La randonn\u00e9e en for\u00eat de Blois<\/h3>\t\t\t\t<\/div>\n\t\t\t\t<\/div>\n\t\t\t\t\t<\/div>\n\t\t\t\t<\/div>\n\t\t\t\t<section class=\"elementor-section elementor-top-section elementor-element elementor-element-2034696 elementor-section-boxed elementor-section-height-default elementor-section-height-default\" data-id=\"2034696\" data-element_type=\"section\" data-e-type=\"section\">\n\t\t\t\t\t\t<div class=\"elementor-container elementor-column-gap-default\">\n\t\t\t\t\t<div class=\"elementor-column elementor-col-100 elementor-top-column elementor-element elementor-element-528b69b\" data-id=\"528b69b\" data-element_type=\"column\" data-e-type=\"column\">\n\t\t\t<div class=\"elementor-widget-wrap elementor-element-populated\">\n\t\t\t\t\t\t<div class=\"elementor-element elementor-element-35b4f1a elementor-drop-cap-yes elementor-drop-cap-view-default elementor-widget elementor-widget-text-editor\" data-id=\"35b4f1a\" data-element_type=\"widget\" data-e-type=\"widget\" data-settings=\"{&quot;drop_cap&quot;:&quot;yes&quot;}\" data-widget_type=\"text-editor.default\">\n\t\t\t\t<div class=\"elementor-widget-container\">\n\t\t\t\t\t\t\t\t\t<p><a href=\"https:\/\/lamolineuvoise.fr\/Blog\/wp-content\/uploads\/2024\/12\/Rando2022_0515_800x600.jpg\"><img loading=\"lazy\" decoding=\"async\" class=\"size-medium wp-image-5983 alignright\" src=\"https:\/\/lamolineuvoise.fr\/Blog\/wp-content\/uploads\/2024\/12\/Rando2022_0515_800x600-300x225.jpg\" alt=\"\" width=\"300\" height=\"225\" srcset=\"https:\/\/lamolineuvoise.fr\/blog\/wp-content\/uploads\/2024\/12\/Rando2022_0515_800x600-300x225.jpg 300w, https:\/\/lamolineuvoise.fr\/blog\/wp-content\/uploads\/2024\/12\/Rando2022_0515_800x600-768x576.jpg 768w, https:\/\/lamolineuvoise.fr\/blog\/wp-content\/uploads\/2024\/12\/Rando2022_0515_800x600.jpg 800w\" sizes=\"(max-width: 300px) 100vw, 300px\" \/><\/a>Il existe de nombreux sentiers en for\u00eat de Blois que vous pourrez emprunter pour randonner. Toutefois, si votre connaissance de la for\u00eat ne vous permet pas de vous rep\u00e9rer facilement, il est conseill\u00e9 de rester sur les grandes all\u00e9es et de vous munir d&rsquo;une carte d\u00e9taill\u00e9e et d&rsquo;une boussole. Vous pourrez \u00e9galement vous rep\u00e9rer \u00e0 l&rsquo;aide des n\u00b0 de section marqu\u00e9s sur les arbres en bordure des all\u00e9es foresti\u00e8res (visible sur les cartes au 1\/25000\u00e9 de l&rsquo;IGN).\u00a0 Une autre solution est de disposer d&rsquo;un Gps nomade et de suivre l&rsquo;une des nombreuses traces disponibles sur internet ou sur notre site (<a href=\"https:\/\/lamolineuvoise.fr\/Blog\/fiches-randonnees\/\" target=\"_blank\" rel=\"noopener\">voir nos fiches randonn\u00e9es<\/a>).<\/p>\t\t\t\t\t\t\t\t<\/div>\n\t\t\t\t<\/div>\n\t\t\t\t<div class=\"elementor-element elementor-element-5cbd9d3 elementor-widget-divider--view-line elementor-widget elementor-widget-divider\" data-id=\"5cbd9d3\" data-element_type=\"widget\" data-e-type=\"widget\" data-widget_type=\"divider.default\">\n\t\t\t\t<div class=\"elementor-widget-container\">\n\t\t\t\t\t\t\t<div class=\"elementor-divider\">\n\t\t\t<span class=\"elementor-divider-separator\">\n\t\t\t\t\t\t<\/span>\n\t\t<\/div>\n\t\t\t\t\t\t<\/div>\n\t\t\t\t<\/div>\n\t\t\t\t<div class=\"elementor-element elementor-element-8fb6e2e elementor-widget elementor-widget-heading\" data-id=\"8fb6e2e\" data-element_type=\"widget\" data-e-type=\"widget\" data-widget_type=\"heading.default\">\n\t\t\t\t<div class=\"elementor-widget-container\">\n\t\t\t\t\t<h3 class=\"elementor-heading-title elementor-size-default\">Site internet de l'ONF<\/h3>\t\t\t\t<\/div>\n\t\t\t\t<\/div>\n\t\t\t\t\t<\/div>\n\t\t<\/div>\n\t\t\t\t\t<\/div>\n\t\t<\/section>\n\t\t\t\t<section class=\"elementor-section elementor-top-section elementor-element elementor-element-4e48890 elementor-section-boxed elementor-section-height-default elementor-section-height-default\" data-id=\"4e48890\" data-element_type=\"section\" data-e-type=\"section\">\n\t\t\t\t\t\t<div class=\"elementor-container elementor-column-gap-default\">\n\t\t\t\t\t<div class=\"elementor-column elementor-col-100 elementor-top-column elementor-element elementor-element-5eb3be1\" data-id=\"5eb3be1\" data-element_type=\"column\" data-e-type=\"column\">\n\t\t\t<div class=\"elementor-widget-wrap elementor-element-populated\">\n\t\t\t\t\t\t<div class=\"elementor-element elementor-element-c578284 elementor-widget elementor-widget-text-editor\" data-id=\"c578284\" data-element_type=\"widget\" data-e-type=\"widget\" data-widget_type=\"text-editor.default\">\n\t\t\t\t<div class=\"elementor-widget-container\">\n\t\t\t\t\t\t\t\t\t<p><a href=\"https:\/\/www.onf.fr\/vivre-la-foret\/forets-de-france\/+\/1788::foret-domaniale-de-blois.html?lang=fr\" target=\"_blank\" rel=\"noopener\"><img loading=\"lazy\" decoding=\"async\" class=\"size-full wp-image-3191 alignnone\" src=\"https:\/\/lamolineuvoise.fr\/Blog\/wp-content\/uploads\/2024\/01\/ONF_logo.png\" alt=\"\" width=\"150\" height=\"56\" \/><\/a> La for\u00eat de Blois sur le site internet<\/p>\t\t\t\t\t\t\t\t<\/div>\n\t\t\t\t<\/div>\n\t\t\t\t\t<\/div>\n\t\t<\/div>\n\t\t\t\t\t<\/div>\n\t\t<\/section>\n\t\t\t\t<\/div>\n\t\t","protected":false},"excerpt":{"rendered":"<p>La for\u00eat de Blois Contexte g\u00e9ologique La for\u00eat de Blois se d\u00e9veloppe sur une fine couche de sols limoneux tapiss\u00e9e de sols organiques. Ces formations peu \u00e9paisses surmontent g\u00e9n\u00e9ralement des [&hellip;]<\/p>\n","protected":false},"author":3,"featured_media":0,"parent":0,"menu_order":0,"comment_status":"closed","ping_status":"closed","template":"","meta":{"om_disable_all_campaigns":false,"_uag_custom_page_level_css":"","site-sidebar-layout":"default","site-content-layout":"","ast-site-content-layout":"default","site-content-style":"default","site-sidebar-style":"unboxed","ast-global-header-display":"","ast-banner-title-visibility":"","ast-main-header-display":"","ast-hfb-above-header-display":"","ast-hfb-below-header-display":"","ast-hfb-mobile-header-display":"","site-post-title":"disabled","ast-breadcrumbs-content":"","ast-featured-img":"disabled","footer-sml-layout":"","ast-disable-related-posts":"","theme-transparent-header-meta":"default","adv-header-id-meta":"","stick-header-meta":"","header-above-stick-meta":"","header-main-stick-meta":"","header-below-stick-meta":"","astra-migrate-meta-layouts":"set","ast-page-background-enabled":"default","ast-page-background-meta":{"desktop":{"background-color":"var(--ast-global-color-5)","background-image":"","background-repeat":"repeat","background-position":"center center","background-size":"auto","background-attachment":"scroll","background-type":"","background-media":"","overlay-type":"","overlay-color":"","overlay-opacity":"","overlay-gradient":""},"tablet":{"background-color":"","background-image":"","background-repeat":"repeat","background-position":"center center","background-size":"auto","background-attachment":"scroll","background-type":"","background-media":"","overlay-type":"","overlay-color":"","overlay-opacity":"","overlay-gradient":""},"mobile":{"background-color":"","background-image":"","background-repeat":"repeat","background-position":"center center","background-size":"auto","background-attachment":"scroll","background-type":"","background-media":"","overlay-type":"","overlay-color":"","overlay-opacity":"","overlay-gradient":""}},"ast-content-background-meta":{"desktop":{"background-color":"var(--ast-global-color-4)","background-image":"","background-repeat":"repeat","background-position":"center center","background-size":"auto","background-attachment":"scroll","background-type":"","background-media":"","overlay-type":"","overlay-color":"","overlay-opacity":"","overlay-gradient":""},"tablet":{"background-color":"var(--ast-global-color-4)","background-image":"","background-repeat":"repeat","background-position":"center center","background-size":"auto","background-attachment":"scroll","background-type":"","background-media":"","overlay-type":"","overlay-color":"","overlay-opacity":"","overlay-gradient":""},"mobile":{"background-color":"var(--ast-global-color-4)","background-image":"","background-repeat":"repeat","background-position":"center center","background-size":"auto","background-attachment":"scroll","background-type":"","background-media":"","overlay-type":"","overlay-color":"","overlay-opacity":"","overlay-gradient":""}},"ngg_post_thumbnail":0,"_EventAllDay":false,"_EventTimezone":"","_EventStartDate":"","_EventEndDate":"","_EventStartDateUTC":"","_EventEndDateUTC":"","_EventShowMap":false,"_EventShowMapLink":false,"_EventURL":"","_EventCost":"","_EventCostDescription":"","_EventCurrencySymbol":"","_EventCurrencyCode":"","_EventCurrencyPosition":"","_EventDateTimeSeparator":"","_EventTimeRangeSeparator":"","_EventOrganizerID":[],"_EventVenueID":[],"_OrganizerEmail":"","_OrganizerPhone":"","_OrganizerWebsite":"","_VenueAddress":"","_VenueCity":"","_VenueCountry":"","_VenueProvince":"","_VenueState":"","_VenueZip":"","_VenuePhone":"","_VenueURL":"","_VenueStateProvince":"","_VenueLat":"","_VenueLng":"","_VenueShowMap":false,"_VenueShowMapLink":false,"footnotes":""},"class_list":["post-3070","page","type-page","status-publish","hentry"],"uagb_featured_image_src":{"full":false,"thumbnail":false,"medium":false,"medium_large":false,"large":false,"1536x1536":false,"2048x2048":false},"uagb_author_info":{"display_name":"LA MOLINEUVOISE","author_link":"https:\/\/lamolineuvoise.fr\/blog\/author\/a_2meen\/"},"uagb_comment_info":0,"uagb_excerpt":"La for\u00eat de Blois Contexte g\u00e9ologique La for\u00eat de Blois se d\u00e9veloppe sur une fine couche de sols limoneux tapiss\u00e9e de sols organiques. Ces formations peu \u00e9paisses surmontent g\u00e9n\u00e9ralement des [&hellip;]","_links":{"self":[{"href":"https:\/\/lamolineuvoise.fr\/blog\/wp-json\/wp\/v2\/pages\/3070","targetHints":{"allow":["GET"]}}],"collection":[{"href":"https:\/\/lamolineuvoise.fr\/blog\/wp-json\/wp\/v2\/pages"}],"about":[{"href":"https:\/\/lamolineuvoise.fr\/blog\/wp-json\/wp\/v2\/types\/page"}],"author":[{"embeddable":true,"href":"https:\/\/lamolineuvoise.fr\/blog\/wp-json\/wp\/v2\/users\/3"}],"replies":[{"embeddable":true,"href":"https:\/\/lamolineuvoise.fr\/blog\/wp-json\/wp\/v2\/comments?post=3070"}],"version-history":[{"count":416,"href":"https:\/\/lamolineuvoise.fr\/blog\/wp-json\/wp\/v2\/pages\/3070\/revisions"}],"predecessor-version":[{"id":8429,"href":"https:\/\/lamolineuvoise.fr\/blog\/wp-json\/wp\/v2\/pages\/3070\/revisions\/8429"}],"wp:attachment":[{"href":"https:\/\/lamolineuvoise.fr\/blog\/wp-json\/wp\/v2\/media?parent=3070"}],"curies":[{"name":"wp","href":"https:\/\/api.w.org\/{rel}","templated":true}]}}